{"id":242077,"date":"2023-10-31T10:11:57","date_gmt":"2023-10-31T10:11:57","guid":{"rendered":"https:\/\/depocarsandcoffee.cz\/?page_id=242077"},"modified":"2023-12-31T17:51:16","modified_gmt":"2023-12-31T17:51:16","slug":"servis-osobnich-a-uzitkovych-vozu","status":"publish","type":"page","link":"https:\/\/depocarsandcoffee.cz\/en\/autoservis\/servis-osobnich-a-uzitkovych-vozu\/","title":{"rendered":"PASSENGER AND COMMERCIAL VEHICLE SERVICE"},"content":{"rendered":"<p>[et_pb_section fb_built=&#8220;1&#8243; fullwidth=&#8220;on&#8220; _builder_version=&#8220;4.22.1&#8243; _dynamic_attributes=&#8220;background_image&#8220; _module_preset=&#8220;default&#8220; background_color=&#8220;#FFFFFF&#8220; use_background_color_gradient=&#8220;on&#8220; background_color_gradient_stops=&#8220;rgba(0,0,0,0.36) 0%|rgba(0,0,0,0.36) 100%&#8220; background_color_gradient_overlays_image=&#8220;on&#8220; background_image=&#8220;@ET-DC@eyJkeW5hbWljIjp0cnVlLCJjb250ZW50IjoicG9zdF9mZWF0dXJlZF9pbWFnZSIsInNldHRpbmdzIjp7fX0=@&#8220; custom_padding=&#8220;||||false|false&#8220; locked=&#8220;off&#8220; global_colors_info=&#8220;{}&#8220;][et_pb_fullwidth_header title=&#8220;@ET-DC@eyJkeW5hbWljIjp0cnVlLCJjb250ZW50IjoicG9zdF90aXRsZSIsInNldHRpbmdzIjp7ImJlZm9yZSI6IiIsImFmdGVyIjoiIn19@&#8220; text_orientation=&#8220;center&#8220; button_one_text=&#8220;Objednejte se&#8220; button_one_url=&#8220;https:\/\/depocarsandcoffee.cz\/autoservis\/#sluzby_serv&#8220; button_two_url=&#8220;https:\/\/depocarsandcoffee.cz\/autoservis\/#cenik&#8220; content_max_width=&#8220;40%&#8220; content_max_width_tablet=&#8220;80%&#8220; content_max_width_phone=&#8220;100%&#8220; content_max_width_last_edited=&#8220;on|phone&#8220; _builder_version=&#8220;4.23.4&#8243; _dynamic_attributes=&#8220;title&#8220; _module_preset=&#8220;default&#8220; title_font=&#8220;Barlow Condensed|800|||||||&#8220; title_text_color=&#8220;#FFFFFF&#8220; title_font_size=&#8220;50px&#8220; title_letter_spacing=&#8220;1px&#8220; title_line_height=&#8220;1.2em&#8220; content_font=&#8220;Barlow||||||||&#8220; content_text_color=&#8220;#FFFFFF&#8220; content_font_size=&#8220;19px&#8220; content_line_height=&#8220;1.8em&#8220; subhead_text_color=&#8220;#000000&#8243; background_enable_color=&#8220;off&#8220; background_enable_image=&#8220;off&#8220; custom_button_one=&#8220;on&#8220; button_one_text_color=&#8220;#FFFFFF&#8220; button_one_bg_color=&#8220;#2626FD&#8220; position_origin_f=&#8220;center_center&#8220; width=&#8220;100%&#8220; min_height=&#8220;60vh&#8220; custom_padding=&#8220;150px||||false|false&#8220; animation_style=&#8220;slide&#8220; animation_direction=&#8220;bottom&#8220; animation_intensity_slide=&#8220;5%&#8220; hover_enabled=&#8220;0&#8243; custom_css_main_element=&#8220;display: flex;&#8220; global_colors_info=&#8220;{}&#8220; sticky_enabled=&#8220;0&#8243;]<\/p>\n<p>Ceny ji\u017e od 950,- K\u010d<\/p>\n<p>[\/et_pb_fullwidth_header][\/et_pb_section][et_pb_section fb_built=&#8220;1&#8243; module_id=&#8220;sluzby_serv&#8220; _builder_version=&#8220;4.20.0&#8243; _module_preset=&#8220;default&#8220; global_colors_info=&#8220;{}&#8220;][et_pb_row column_structure=&#8220;3_4,1_4&#8243; _builder_version=&#8220;4.20.0&#8243; _module_preset=&#8220;default&#8220; locked=&#8220;off&#8220; global_colors_info=&#8220;{}&#8220;][et_pb_column type=&#8220;3_4&#8243; _builder_version=&#8220;4.20.0&#8243; _module_preset=&#8220;default&#8220; custom_padding=&#8220;|25px|||false|false&#8220; border_width_right=&#8220;1px&#8220; border_color_right=&#8220;rgba(139,134,128,0.23)&#8220; global_colors_info=&#8220;{}&#8220;][et_pb_text ul_type=&#8220;circle&#8220; ul_item_indent=&#8220;30px&#8220; _builder_version=&#8220;4.23&#8243; _module_preset=&#8220;default&#8220; text_font_size=&#8220;17px&#8220; text_line_height=&#8220;1.8em&#8220; ul_font_size=&#8220;17px&#8220; ul_line_height=&#8220;2.3em&#8220; header_font=&#8220;|800|||||||&#8220; header_text_align=&#8220;left&#8220; header_font_size=&#8220;35px&#8220; header_letter_spacing=&#8220;1px&#8220; header_line_height=&#8220;1.4em&#8220; locked=&#8220;off&#8220; global_colors_info=&#8220;{}&#8220;]<\/p>\n<h1>Nab\u00edz\u00edme<\/h1>\n<p>Disponujeme dlouholet\u00fdmi zku\u0161enostmi se v\u0161emi zna\u010dkami koncernu VW, BMW, Mercedes-Benz nebo Porsche. Tyto zna\u010dky servisujeme a opravujeme na denn\u00ed b\u00e1zi a dr\u017e\u00edme skladem v\u011bt\u0161inu n\u00e1hradn\u00edch d\u00edl\u016f. N\u00e1\u0161 servis je vybaven p\u011bti sloupov\u00fdmi hevery, jedn\u00edm mal\u00fdm n\u016f\u017ekov\u00fdm pro rychloservis a vysokoz\u00e1t\u011b\u017eov\u00fdm n\u016f\u017ekov\u00fdm heverem s p\u0159\u00edzdvihem pro velk\u00e1 u\u017eitkov\u00e1 vozidla. Sou\u010d\u00e1st\u00ed na\u0161\u00ed d\u00edlny je mimo jin\u00e9 pneuservis, geometrie a detailingov\u00e9 studio. Pro\u0161kolen\u00fd t\u00fdm pou\u017e\u00edv\u00e1 nejmodern\u011bj\u0161\u00ed vybaven\u00ed a p\u0159\u00edpravky. Pro zna\u010dky VW, BMW nebo Mercedes-Benz pou\u017e\u00edv\u00e1me origin\u00e1ln\u00ed diagnostiku s mo\u017enost\u00ed z\u00e1pisu do elektronick\u00e9 servisn\u00ed knihy. Pro v\u00e1\u0161 v\u016fz tak dok\u00e1\u017eeme zajistit servis do A do Z na \u0161pi\u010dkov\u00e9 profesion\u00e1ln\u00ed \u00farovni.<\/p>\n<p>&nbsp;<\/p>\n<ul>\n<li>B\u011b\u017en\u00fd servis osobn\u00edch i u\u017eitkov\u00fdch vozidel<\/li>\n<li>Mechanick\u00e9 opravy<\/li>\n<li>Pneuservis<\/li>\n<li>Klimatizace<\/li>\n<li>Detailing<\/li>\n<li>Geometrie<\/li>\n<li>D\u00edly skladem<\/li>\n<li>V\u00fdstupn\u00ed kontrola proveden\u00e9 pr\u00e1ce<\/li>\n<li>V\u00fdhodn\u00e9 podm\u00ednky pro fleetov\u00e9 z\u00e1kazn\u00edky<\/li>\n<li>\u010ci\u0161t\u011bn\u00ed a p\u00edskov\u00e1n\u00ed kovov\u00fdch i plastov\u00fdch d\u00edl\u016f<\/li>\n<\/ul>\n<p>[\/et_pb_text][\/et_pb_column][et_pb_column type=&#8220;1_4&#8243; _builder_version=&#8220;4.19.4&#8243; _module_preset=&#8220;default&#8220; global_colors_info=&#8220;{}&#8220;][et_pb_text _builder_version=&#8220;4.20.0&#8243; _module_preset=&#8220;default&#8220; header_2_font=&#8220;|700|||||||&#8220; global_colors_info=&#8220;{}&#8220;]<\/p>\n<h2>Dal\u0161\u00ed slu\u017eby:<\/h2>\n<p>[\/et_pb_text][et_pb_blurb title=&#8220;Pneuservis&#8220; url=&#8220;https:\/\/depocarsandcoffee.cz\/autoservis\/pneuservis\/&#8220; image=&#8220;https:\/\/depocarsandcoffee.cz\/wp-content\/uploads\/2023\/09\/pneuservis@3x-8.png&#8220; image_icon_width=&#8220;45px&#8220; content_max_width=&#8220;100%&#8220; _builder_version=&#8220;4.23&#8243; _module_preset=&#8220;default&#8220; header_font=&#8220;|700|||||||&#8220; header_text_align=&#8220;center&#8220; header_text_color=&#8220;#000000&#8243; body_text_align=&#8220;center&#8220; image_icon_custom_margin=&#8220;0px||0px|1px|false|false&#8220; image_icon_custom_padding=&#8220;0px|0px|0px|0px|true|true&#8220; custom_padding=&#8220;15px|15px|15px|10px|true|false&#8220; link_option_url=&#8220;https:\/\/depocarsandcoffee.cz\/autoservis\/pneuservis\/&#8220; border_radii=&#8220;on|20px|20px|20px|20px&#8220; box_shadow_style=&#8220;preset2&#8243; box_shadow_color=&#8220;rgba(0,0,0,0.1)&#8220; locked=&#8220;off&#8220; global_colors_info=&#8220;{}&#8220; transform_styles__hover_enabled=&#8220;on|hover&#8220; transform_scale__hover_enabled=&#8220;on|hover&#8220; transform_translate__hover_enabled=&#8220;on|desktop&#8220; transform_rotate__hover_enabled=&#8220;on|desktop&#8220; transform_skew__hover_enabled=&#8220;on|desktop&#8220; transform_origin__hover_enabled=&#8220;on|desktop&#8220; transform_scale__hover=&#8220;105%|105%&#8220;]<\/p>\n<p>V na\u0161em kompletn\u011b vybaven\u00e9m pneuservisu p\u0159ezujeme pneu v\u0161ech voz\u016f.<\/p>\n<p>[\/et_pb_blurb][et_pb_blurb title=&#8220;Klimatizace&#8220; url=&#8220;https:\/\/depocarsandcoffee.cz\/autoservis\/klimatizace\/&#8220; image=&#8220;https:\/\/depocarsandcoffee.cz\/wp-content\/uploads\/2023\/09\/klimatizace@3x-8.png&#8220; image_icon_width=&#8220;40px&#8220; content_max_width=&#8220;100%&#8220; _builder_version=&#8220;4.23&#8243; _module_preset=&#8220;default&#8220; header_font=&#8220;|700|||||||&#8220; header_text_align=&#8220;center&#8220; header_text_color=&#8220;#000000&#8243; body_text_align=&#8220;center&#8220; image_icon_custom_margin=&#8220;0px||0px|1px|false|false&#8220; image_icon_custom_padding=&#8220;0px|0px|0px|0px|true|true&#8220; custom_padding=&#8220;15px|15px|15px|10px|true|false&#8220; link_option_url=&#8220;https:\/\/depocarsandcoffee.cz\/autoservis\/klimatizace\/&#8220; border_radii=&#8220;on|20px|20px|20px|20px&#8220; box_shadow_style=&#8220;preset2&#8243; box_shadow_color=&#8220;rgba(0,0,0,0.1)&#8220; locked=&#8220;off&#8220; global_colors_info=&#8220;{}&#8220; transform_styles__hover_enabled=&#8220;on|hover&#8220; transform_scale__hover_enabled=&#8220;on|hover&#8220; transform_translate__hover_enabled=&#8220;on|desktop&#8220; transform_rotate__hover_enabled=&#8220;on|desktop&#8220; transform_skew__hover_enabled=&#8220;on|desktop&#8220; transform_origin__hover_enabled=&#8220;on|desktop&#8220; transform_scale__hover=&#8220;105%|105%&#8220;]<\/p>\n<p>Pravideln\u00e1 \u00fadr\u017eba syst\u00e9mu klimatizace prodlu\u017euje jeho \u017eivotnost.<\/p>\n<p>[\/et_pb_blurb][\/et_pb_column][\/et_pb_row][\/et_pb_section][et_pb_section fb_built=&#8220;1&#8243; disabled_on=&#8220;off|off|off&#8220; _builder_version=&#8220;4.22.1&#8243; _module_preset=&#8220;default&#8220; custom_padding=&#8220;50px||0px||false|false&#8220; global_colors_info=&#8220;{}&#8220;][et_pb_row column_structure=&#8220;1_3,1_3,1_3&#8243; make_equal=&#8220;on&#8220; _builder_version=&#8220;4.22.1&#8243; _module_preset=&#8220;default&#8220; width=&#8220;85%&#8220; max_width=&#8220;2520px&#8220; global_colors_info=&#8220;{}&#8220;][et_pb_column type=&#8220;1_3&#8243; disabled_on=&#8220;on|on|off&#8220; _builder_version=&#8220;4.22.1&#8243; _module_preset=&#8220;default&#8220; vertical_offset=&#8220;-50px&#8220; vertical_offset_tablet=&#8220;0px&#8220; vertical_offset_phone=&#8220;0px&#8220; vertical_offset_last_edited=&#8220;on|phone&#8220; global_colors_info=&#8220;{}&#8220;][et_pb_image src=&#8220;https:\/\/depocarsandcoffee.cz\/wp-content\/uploads\/2023\/10\/IMG_4000.jpg&#8220; title_text=&#8220;IMG_4000&#8243; _builder_version=&#8220;4.23&#8243; _module_preset=&#8220;default&#8220; scroll_vertical_motion_enable=&#8220;on&#8220; scroll_vertical_motion=&#8220;40|50|50|60|0.25|0|-0.25&#8243; scroll_vertical_motion_tablet=&#8220;35|50|50|65|0.5|0|-0.5&#8243; scroll_vertical_motion_phone=&#8220;35|50|50|65|0.5|0|-0.5&#8243; scroll_vertical_motion_last_edited=&#8220;on|phone&#8220; border_radii=&#8220;on|20px|20px|20px|20px&#8220; box_shadow_style=&#8220;preset2&#8243; box_shadow_color=&#8220;rgba(0,0,0,0.1)&#8220; global_colors_info=&#8220;{}&#8220;][\/et_pb_image][\/et_pb_column][et_pb_column type=&#8220;1_3&#8243; _builder_version=&#8220;4.22.1&#8243; _module_preset=&#8220;default&#8220; vertical_offset=&#8220;-60px&#8220; global_colors_info=&#8220;{}&#8220;][et_pb_image src=&#8220;https:\/\/depocarsandcoffee.cz\/wp-content\/uploads\/2023\/10\/DZ7_3355.jpg&#8220; title_text=&#8220;DZ7_3355&#8243; _builder_version=&#8220;4.23&#8243; _module_preset=&#8220;default&#8220; scroll_vertical_motion_enable=&#8220;on&#8220; scroll_vertical_motion=&#8220;40|50|50|60|-0.25|0|0.25&#8243; border_radii=&#8220;on|20px|20px|20px|20px&#8220; box_shadow_style=&#8220;preset2&#8243; box_shadow_color=&#8220;rgba(0,0,0,0.1)&#8220; global_colors_info=&#8220;{}&#8220;][\/et_pb_image][\/et_pb_column][et_pb_column type=&#8220;1_3&#8243; disabled_on=&#8220;on|on|off&#8220; _builder_version=&#8220;4.22.1&#8243; _module_preset=&#8220;default&#8220; vertical_offset=&#8220;-50px&#8220; vertical_offset_tablet=&#8220;0px&#8220; vertical_offset_phone=&#8220;0px&#8220; vertical_offset_last_edited=&#8220;on|phone&#8220; global_colors_info=&#8220;{}&#8220;][et_pb_image src=&#8220;https:\/\/depocarsandcoffee.cz\/wp-content\/uploads\/2023\/10\/DZ7_3562.jpg&#8220; title_text=&#8220;DZ7_3562&#8243; _builder_version=&#8220;4.23&#8243; _module_preset=&#8220;default&#8220; scroll_vertical_motion_enable=&#8220;on&#8220; scroll_vertical_motion=&#8220;40|50|50|60|0.25|0|-0.25&#8243; border_radii=&#8220;on|20px|20px|20px|20px&#8220; box_shadow_style=&#8220;preset2&#8243; box_shadow_color=&#8220;rgba(0,0,0,0.1)&#8220; global_colors_info=&#8220;{}&#8220;][\/et_pb_image][\/et_pb_column][\/et_pb_row][\/et_pb_section][et_pb_section fb_built=&#8220;1&#8243; module_id=&#8220;sluzby_serv&#8220; _builder_version=&#8220;4.20.0&#8243; _module_preset=&#8220;default&#8220; global_colors_info=&#8220;{}&#8220;][et_pb_row _builder_version=&#8220;4.20.0&#8243; _module_preset=&#8220;default&#8220; locked=&#8220;off&#8220; global_colors_info=&#8220;{}&#8220;][et_pb_column type=&#8220;4_4&#8243; _builder_version=&#8220;4.20.0&#8243; _module_preset=&#8220;default&#8220; custom_padding=&#8220;|25px|||false|false&#8220; border_color_right=&#8220;rgba(139,134,128,0.23)&#8220; global_colors_info=&#8220;{}&#8220;][et_pb_text ul_type=&#8220;circle&#8220; ul_item_indent=&#8220;30px&#8220; _builder_version=&#8220;4.23&#8243; _module_preset=&#8220;default&#8220; text_font_size=&#8220;17px&#8220; text_line_height=&#8220;1.8em&#8220; ul_font_size=&#8220;17px&#8220; ul_line_height=&#8220;2.3em&#8220; header_font=&#8220;|800|||||||&#8220; header_text_align=&#8220;left&#8220; header_font_size=&#8220;35px&#8220; header_letter_spacing=&#8220;1px&#8220; header_line_height=&#8220;1.4em&#8220; locked=&#8220;off&#8220; global_colors_info=&#8220;{}&#8220;]<\/p>\n<h1>Detaily slu\u017eby<\/h1>\n<p>N\u00e1\u0161 servis na Vinohradech nab\u00edz\u00ed nejen servisn\u00ed slu\u017eby na \u0161pi\u010dkov\u00e9 \u00farovni. V\u00fdhodou je rovn\u011b\u017e velmi dobr\u00e1 dostupnost v centru Prahy, usnad\u0148uj\u00edc\u00ed dopravu pomoc\u00ed MHD. Standardn\u011b tak\u00e9 nab\u00edz\u00edme pick-up servis a disponujeme n\u011bkolika n\u00e1hradn\u00edmi auty. Spokojenost z\u00e1kazn\u00edka je pro n\u00e1s v\u017edy na prvn\u00edm m\u00edst\u011b! <\/p>\n<p>[\/et_pb_text][\/et_pb_column][\/et_pb_row][\/et_pb_section]<\/p>\n","protected":false},"excerpt":{"rendered":"<p>Ceny ji\u017e od 950,- K\u010dNab\u00edz\u00edme Disponujeme dlouholet\u00fdmi zku\u0161enostmi se v\u0161emi zna\u010dkami koncernu VW, BMW, Mercedes-Benz nebo Porsche. Tyto zna\u010dky servisujeme a opravujeme na denn\u00ed b\u00e1zi a dr\u017e\u00edme skladem v\u011bt\u0161inu n\u00e1hradn\u00edch d\u00edl\u016f. N\u00e1\u0161 servis je vybaven p\u011bti sloupov\u00fdmi hevery, jedn\u00edm mal\u00fdm n\u016f\u017ekov\u00fdm pro rychloservis a vysokoz\u00e1t\u011b\u017eov\u00fdm n\u016f\u017ekov\u00fdm heverem s p\u0159\u00edzdvihem pro velk\u00e1 u\u017eitkov\u00e1 vozidla. Sou\u010d\u00e1st\u00ed na\u0161\u00ed [&hellip;]<\/p>\n","protected":false},"author":1,"featured_media":242585,"parent":241881,"menu_order":0,"comment_status":"closed","ping_status":"closed","template":"","meta":{"_et_pb_use_builder":"on","_et_pb_old_content":"","_et_gb_content_width":"","footnotes":""},"class_list":["post-242077","page","type-page","status-publish","has-post-thumbnail","hentry"],"yoast_head":"<!-- This site is optimized with the Yoast SEO plugin v27.0 - https:\/\/yoast.com\/product\/yoast-seo-wordpress\/ -->\n<title>SERVIS OSOBN\u00cdCH A U\u017dITKOV\u00ddCH VOZ\u016e - DEPO Cars &amp; Coffee<\/title>\n<meta name=\"robots\" content=\"index, follow, max-snippet:-1, max-image-preview:large, max-video-preview:-1\" \/>\n<link rel=\"canonical\" href=\"https:\/\/depocarsandcoffee.cz\/en\/autoservis\/servis-osobnich-a-uzitkovych-vozu\/\" \/>\n<meta property=\"og:locale\" content=\"en_US\" \/>\n<meta property=\"og:type\" content=\"article\" \/>\n<meta property=\"og:title\" content=\"SERVIS OSOBN\u00cdCH A U\u017dITKOV\u00ddCH VOZ\u016e - DEPO Cars &amp; Coffee\" \/>\n<meta property=\"og:description\" content=\"Ceny ji\u017e od 950,- K\u010dNab\u00edz\u00edme Disponujeme dlouholet\u00fdmi zku\u0161enostmi se v\u0161emi zna\u010dkami koncernu VW, BMW, Mercedes-Benz nebo Porsche. Tyto zna\u010dky servisujeme a opravujeme na denn\u00ed b\u00e1zi a dr\u017e\u00edme skladem v\u011bt\u0161inu n\u00e1hradn\u00edch d\u00edl\u016f. N\u00e1\u0161 servis je vybaven p\u011bti sloupov\u00fdmi hevery, jedn\u00edm mal\u00fdm n\u016f\u017ekov\u00fdm pro rychloservis a vysokoz\u00e1t\u011b\u017eov\u00fdm n\u016f\u017ekov\u00fdm heverem s p\u0159\u00edzdvihem pro velk\u00e1 u\u017eitkov\u00e1 vozidla. Sou\u010d\u00e1st\u00ed na\u0161\u00ed [&hellip;]\" \/>\n<meta property=\"og:url\" content=\"https:\/\/depocarsandcoffee.cz\/en\/autoservis\/servis-osobnich-a-uzitkovych-vozu\/\" \/>\n<meta property=\"og:site_name\" content=\"DEPO Cars &amp; Coffee\" \/>\n<meta property=\"article:modified_time\" content=\"2023-12-31T17:51:16+00:00\" \/>\n<meta property=\"og:image\" content=\"https:\/\/depocarsandcoffee.cz\/wp-content\/uploads\/2023\/12\/DZ7_3541.R.jpg\" \/>\n\t<meta property=\"og:image:width\" content=\"1500\" \/>\n\t<meta property=\"og:image:height\" content=\"1000\" \/>\n\t<meta property=\"og:image:type\" content=\"image\/jpeg\" \/>\n<meta name=\"twitter:card\" content=\"summary_large_image\" \/>\n<meta name=\"twitter:label1\" content=\"Est. reading time\" \/>\n\t<meta name=\"twitter:data1\" content=\"7 minutes\" \/>\n<script type=\"application\/ld+json\" class=\"yoast-schema-graph\">{\"@context\":\"https:\/\/schema.org\",\"@graph\":[{\"@type\":\"WebPage\",\"@id\":\"https:\/\/depocarsandcoffee.cz\/autoservis\/servis-osobnich-a-uzitkovych-vozu\/\",\"url\":\"https:\/\/depocarsandcoffee.cz\/autoservis\/servis-osobnich-a-uzitkovych-vozu\/\",\"name\":\"SERVIS OSOBN\u00cdCH A U\u017dITKOV\u00ddCH VOZ\u016e - DEPO Cars &amp; Coffee\",\"isPartOf\":{\"@id\":\"https:\/\/depocarsandcoffee.cz\/#website\"},\"primaryImageOfPage\":{\"@id\":\"https:\/\/depocarsandcoffee.cz\/autoservis\/servis-osobnich-a-uzitkovych-vozu\/#primaryimage\"},\"image\":{\"@id\":\"https:\/\/depocarsandcoffee.cz\/autoservis\/servis-osobnich-a-uzitkovych-vozu\/#primaryimage\"},\"thumbnailUrl\":\"https:\/\/depocarsandcoffee.cz\/wp-content\/uploads\/2023\/12\/DZ7_3541.R.jpg\",\"datePublished\":\"2023-10-31T10:11:57+00:00\",\"dateModified\":\"2023-12-31T17:51:16+00:00\",\"breadcrumb\":{\"@id\":\"https:\/\/depocarsandcoffee.cz\/autoservis\/servis-osobnich-a-uzitkovych-vozu\/#breadcrumb\"},\"inLanguage\":\"en-US\",\"potentialAction\":[{\"@type\":\"ReadAction\",\"target\":[\"https:\/\/depocarsandcoffee.cz\/autoservis\/servis-osobnich-a-uzitkovych-vozu\/\"]}]},{\"@type\":\"ImageObject\",\"inLanguage\":\"en-US\",\"@id\":\"https:\/\/depocarsandcoffee.cz\/autoservis\/servis-osobnich-a-uzitkovych-vozu\/#primaryimage\",\"url\":\"https:\/\/depocarsandcoffee.cz\/wp-content\/uploads\/2023\/12\/DZ7_3541.R.jpg\",\"contentUrl\":\"https:\/\/depocarsandcoffee.cz\/wp-content\/uploads\/2023\/12\/DZ7_3541.R.jpg\",\"width\":1500,\"height\":1000},{\"@type\":\"BreadcrumbList\",\"@id\":\"https:\/\/depocarsandcoffee.cz\/autoservis\/servis-osobnich-a-uzitkovych-vozu\/#breadcrumb\",\"itemListElement\":[{\"@type\":\"ListItem\",\"position\":1,\"name\":\"Home\",\"item\":\"https:\/\/depocarsandcoffee.cz\/\"},{\"@type\":\"ListItem\",\"position\":2,\"name\":\"Autoservis\",\"item\":\"https:\/\/depocarsandcoffee.cz\/autoservis\/\"},{\"@type\":\"ListItem\",\"position\":3,\"name\":\"SERVIS OSOBN\u00cdCH A U\u017dITKOV\u00ddCH VOZ\u016e\"}]},{\"@type\":\"WebSite\",\"@id\":\"https:\/\/depocarsandcoffee.cz\/#website\",\"url\":\"https:\/\/depocarsandcoffee.cz\/\",\"name\":\"DEPO Cars & Coffee\",\"description\":\"Your one stop for everything cars.\",\"publisher\":{\"@id\":\"https:\/\/depocarsandcoffee.cz\/#organization\"},\"potentialAction\":[{\"@type\":\"SearchAction\",\"target\":{\"@type\":\"EntryPoint\",\"urlTemplate\":\"https:\/\/depocarsandcoffee.cz\/?s={search_term_string}\"},\"query-input\":{\"@type\":\"PropertyValueSpecification\",\"valueRequired\":true,\"valueName\":\"search_term_string\"}}],\"inLanguage\":\"en-US\"},{\"@type\":\"Organization\",\"@id\":\"https:\/\/depocarsandcoffee.cz\/#organization\",\"name\":\"DEPO Cars & Coffee\",\"url\":\"https:\/\/depocarsandcoffee.cz\/\",\"logo\":{\"@type\":\"ImageObject\",\"inLanguage\":\"en-US\",\"@id\":\"https:\/\/depocarsandcoffee.cz\/#\/schema\/logo\/image\/\",\"url\":\"https:\/\/depocarsandcoffee.cz\/wp-content\/uploads\/2023\/01\/Primarni-logo@2x.png\",\"contentUrl\":\"https:\/\/depocarsandcoffee.cz\/wp-content\/uploads\/2023\/01\/Primarni-logo@2x.png\",\"width\":409,\"height\":409,\"caption\":\"DEPO Cars & Coffee\"},\"image\":{\"@id\":\"https:\/\/depocarsandcoffee.cz\/#\/schema\/logo\/image\/\"},\"sameAs\":[\"http:\/\/instagram.com\/depocarscoffee\",\"https:\/\/www.youtube.com\/channel\/UC21C7JYLMp2jwrSVcU3cbPg\"]}]}<\/script>\n<!-- \/ Yoast SEO plugin. -->","yoast_head_json":{"title":"SERVIS OSOBN\u00cdCH A U\u017dITKOV\u00ddCH VOZ\u016e - DEPO Cars &amp; Coffee","robots":{"index":"index","follow":"follow","max-snippet":"max-snippet:-1","max-image-preview":"max-image-preview:large","max-video-preview":"max-video-preview:-1"},"canonical":"https:\/\/depocarsandcoffee.cz\/en\/autoservis\/servis-osobnich-a-uzitkovych-vozu\/","og_locale":"en_US","og_type":"article","og_title":"SERVIS OSOBN\u00cdCH A U\u017dITKOV\u00ddCH VOZ\u016e - DEPO Cars &amp; Coffee","og_description":"Ceny ji\u017e od 950,- K\u010dNab\u00edz\u00edme Disponujeme dlouholet\u00fdmi zku\u0161enostmi se v\u0161emi zna\u010dkami koncernu VW, BMW, Mercedes-Benz nebo Porsche. Tyto zna\u010dky servisujeme a opravujeme na denn\u00ed b\u00e1zi a dr\u017e\u00edme skladem v\u011bt\u0161inu n\u00e1hradn\u00edch d\u00edl\u016f. N\u00e1\u0161 servis je vybaven p\u011bti sloupov\u00fdmi hevery, jedn\u00edm mal\u00fdm n\u016f\u017ekov\u00fdm pro rychloservis a vysokoz\u00e1t\u011b\u017eov\u00fdm n\u016f\u017ekov\u00fdm heverem s p\u0159\u00edzdvihem pro velk\u00e1 u\u017eitkov\u00e1 vozidla. Sou\u010d\u00e1st\u00ed na\u0161\u00ed [&hellip;]","og_url":"https:\/\/depocarsandcoffee.cz\/en\/autoservis\/servis-osobnich-a-uzitkovych-vozu\/","og_site_name":"DEPO Cars &amp; Coffee","article_modified_time":"2023-12-31T17:51:16+00:00","og_image":[{"width":1500,"height":1000,"url":"https:\/\/depocarsandcoffee.cz\/wp-content\/uploads\/2023\/12\/DZ7_3541.R.jpg","type":"image\/jpeg"}],"twitter_card":"summary_large_image","twitter_misc":{"Est. reading time":"7 minutes"},"schema":{"@context":"https:\/\/schema.org","@graph":[{"@type":"WebPage","@id":"https:\/\/depocarsandcoffee.cz\/autoservis\/servis-osobnich-a-uzitkovych-vozu\/","url":"https:\/\/depocarsandcoffee.cz\/autoservis\/servis-osobnich-a-uzitkovych-vozu\/","name":"SERVIS OSOBN\u00cdCH A U\u017dITKOV\u00ddCH VOZ\u016e - DEPO Cars &amp; Coffee","isPartOf":{"@id":"https:\/\/depocarsandcoffee.cz\/#website"},"primaryImageOfPage":{"@id":"https:\/\/depocarsandcoffee.cz\/autoservis\/servis-osobnich-a-uzitkovych-vozu\/#primaryimage"},"image":{"@id":"https:\/\/depocarsandcoffee.cz\/autoservis\/servis-osobnich-a-uzitkovych-vozu\/#primaryimage"},"thumbnailUrl":"https:\/\/depocarsandcoffee.cz\/wp-content\/uploads\/2023\/12\/DZ7_3541.R.jpg","datePublished":"2023-10-31T10:11:57+00:00","dateModified":"2023-12-31T17:51:16+00:00","breadcrumb":{"@id":"https:\/\/depocarsandcoffee.cz\/autoservis\/servis-osobnich-a-uzitkovych-vozu\/#breadcrumb"},"inLanguage":"en-US","potentialAction":[{"@type":"ReadAction","target":["https:\/\/depocarsandcoffee.cz\/autoservis\/servis-osobnich-a-uzitkovych-vozu\/"]}]},{"@type":"ImageObject","inLanguage":"en-US","@id":"https:\/\/depocarsandcoffee.cz\/autoservis\/servis-osobnich-a-uzitkovych-vozu\/#primaryimage","url":"https:\/\/depocarsandcoffee.cz\/wp-content\/uploads\/2023\/12\/DZ7_3541.R.jpg","contentUrl":"https:\/\/depocarsandcoffee.cz\/wp-content\/uploads\/2023\/12\/DZ7_3541.R.jpg","width":1500,"height":1000},{"@type":"BreadcrumbList","@id":"https:\/\/depocarsandcoffee.cz\/autoservis\/servis-osobnich-a-uzitkovych-vozu\/#breadcrumb","itemListElement":[{"@type":"ListItem","position":1,"name":"Home","item":"https:\/\/depocarsandcoffee.cz\/"},{"@type":"ListItem","position":2,"name":"Autoservis","item":"https:\/\/depocarsandcoffee.cz\/autoservis\/"},{"@type":"ListItem","position":3,"name":"SERVIS OSOBN\u00cdCH A U\u017dITKOV\u00ddCH VOZ\u016e"}]},{"@type":"WebSite","@id":"https:\/\/depocarsandcoffee.cz\/#website","url":"https:\/\/depocarsandcoffee.cz\/","name":"DEPO Cars & Coffee","description":"Your one stop for everything cars.","publisher":{"@id":"https:\/\/depocarsandcoffee.cz\/#organization"},"potentialAction":[{"@type":"SearchAction","target":{"@type":"EntryPoint","urlTemplate":"https:\/\/depocarsandcoffee.cz\/?s={search_term_string}"},"query-input":{"@type":"PropertyValueSpecification","valueRequired":true,"valueName":"search_term_string"}}],"inLanguage":"en-US"},{"@type":"Organization","@id":"https:\/\/depocarsandcoffee.cz\/#organization","name":"DEPO Cars & Coffee","url":"https:\/\/depocarsandcoffee.cz\/","logo":{"@type":"ImageObject","inLanguage":"en-US","@id":"https:\/\/depocarsandcoffee.cz\/#\/schema\/logo\/image\/","url":"https:\/\/depocarsandcoffee.cz\/wp-content\/uploads\/2023\/01\/Primarni-logo@2x.png","contentUrl":"https:\/\/depocarsandcoffee.cz\/wp-content\/uploads\/2023\/01\/Primarni-logo@2x.png","width":409,"height":409,"caption":"DEPO Cars & Coffee"},"image":{"@id":"https:\/\/depocarsandcoffee.cz\/#\/schema\/logo\/image\/"},"sameAs":["http:\/\/instagram.com\/depocarscoffee","https:\/\/www.youtube.com\/channel\/UC21C7JYLMp2jwrSVcU3cbPg"]}]}},"_links":{"self":[{"href":"https:\/\/depocarsandcoffee.cz\/en\/wp-json\/wp\/v2\/pages\/242077","targetHints":{"allow":["GET"]}}],"collection":[{"href":"https:\/\/depocarsandcoffee.cz\/en\/wp-json\/wp\/v2\/pages"}],"about":[{"href":"https:\/\/depocarsandcoffee.cz\/en\/wp-json\/wp\/v2\/types\/page"}],"author":[{"embeddable":true,"href":"https:\/\/depocarsandcoffee.cz\/en\/wp-json\/wp\/v2\/users\/1"}],"replies":[{"embeddable":true,"href":"https:\/\/depocarsandcoffee.cz\/en\/wp-json\/wp\/v2\/comments?post=242077"}],"version-history":[{"count":8,"href":"https:\/\/depocarsandcoffee.cz\/en\/wp-json\/wp\/v2\/pages\/242077\/revisions"}],"predecessor-version":[{"id":242587,"href":"https:\/\/depocarsandcoffee.cz\/en\/wp-json\/wp\/v2\/pages\/242077\/revisions\/242587"}],"up":[{"embeddable":true,"href":"https:\/\/depocarsandcoffee.cz\/en\/wp-json\/wp\/v2\/pages\/241881"}],"wp:featuredmedia":[{"embeddable":true,"href":"https:\/\/depocarsandcoffee.cz\/en\/wp-json\/wp\/v2\/media\/242585"}],"wp:attachment":[{"href":"https:\/\/depocarsandcoffee.cz\/en\/wp-json\/wp\/v2\/media?parent=242077"}],"curies":[{"name":"wp","href":"https:\/\/api.w.org\/{rel}","templated":true}]}}