{"id":244455,"date":"2026-02-24T12:50:41","date_gmt":"2026-02-24T12:50:41","guid":{"rendered":"https:\/\/depocarsandcoffee.cz\/?page_id=244455"},"modified":"2026-03-05T07:31:15","modified_gmt":"2026-03-05T07:31:15","slug":"temp-rental","status":"publish","type":"page","link":"https:\/\/depocarsandcoffee.cz\/en\/temp-rental\/","title":{"rendered":"Temp &#8211; Rental"},"content":{"rendered":"<p>[et_pb_section fb_built=&#8220;1&#8243; custom_padding_last_edited=&#8220;on|phone&#8220; _builder_version=&#8220;4.23.4&#8243; _module_preset=&#8220;default&#8220; custom_padding=&#8220;||||false|false&#8220; custom_padding_tablet=&#8220;23vh||||false|false&#8220; custom_padding_phone=&#8220;12vh||||false|false&#8220; locked=&#8220;off&#8220; global_colors_info=&#8220;{}&#8220;][et_pb_row _builder_version=&#8220;4.23.4&#8243; _module_preset=&#8220;default&#8220; custom_padding=&#8220;20vh||||false|false&#8220; global_colors_info=&#8220;{}&#8220;][et_pb_column type=&#8220;4_4&#8243; _builder_version=&#8220;4.19.4&#8243; _module_preset=&#8220;default&#8220; global_colors_info=&#8220;{}&#8220;][et_pb_text _builder_version=&#8220;4.23.4&#8243; _module_preset=&#8220;default&#8220; text_font=&#8220;||||||||&#8220; text_line_height=&#8220;1.8em&#8220; header_4_font=&#8220;|700|||||||&#8220; header_4_text_color=&#8220;#141487&#8243; header_6_font=&#8220;|800|||||||&#8220; header_6_font_size=&#8220;45px&#8220; header_6_letter_spacing=&#8220;1px&#8220; global_colors_info=&#8220;{}&#8220;]<\/p>\n<h4>Performance Rental<\/h4>\n<h6>P\u016fj\u010dovna voz\u016f<\/h6>\n<p>[\/et_pb_text][et_pb_text _builder_version=&#8220;4.23.4&#8243; _module_preset=&#8220;default&#8220; text_font=&#8220;||||||||&#8220; text_font_size=&#8220;18px&#8220; text_line_height=&#8220;1.8em&#8220; header_4_font=&#8220;|700|||||||&#8220; header_4_text_color=&#8220;#BC0400&#8243; header_6_font=&#8220;|800|||||||&#8220; header_6_font_size=&#8220;45px&#8220; header_6_letter_spacing=&#8220;1px&#8220; locked=&#8220;off&#8220; global_colors_info=&#8220;{}&#8220;]<\/p>\n<p>Rozlehl\u00e1 d\u00edlna s celkem sedmi zved\u00e1ky a kompletn\u00edm vybaven\u00edm pro geometrii osobn\u00edch i z\u00e1vodn\u00edch aut, pneuservis, repase motor\u016f, p\u0159evodovek a diferenci\u00e1l\u016f, renovace youngtimer\u016f, \u010di\u0161t\u011bn\u00ed a p\u00edskov\u00e1n\u00ed motor\u016f i podvozkov\u00fdch komponent\u016f a se spoustou dal\u0161\u00edho profesion\u00e1ln\u00edho za\u0159\u00edzen\u00ed je srdcem are\u00e1lu DEPO Cars and Coffee na pra\u017esk\u00fdch Vinohradech. Pro n\u00e1s neexistuj\u00ed \u017e\u00e1dn\u00e9 p\u0159ek\u00e1\u017eky. D\u011bl\u00e1me maximum pro co nejl\u00e9pe odvedenou pr\u00e1ci na v\u0161ech automobilech i motocyklech, kter\u00e9 u n\u00e1s servisujeme.<\/p>\n<p>[\/et_pb_text][\/et_pb_column][\/et_pb_row][et_pb_row column_structure=&#8220;1_4,1_4,1_4,1_4&#8243; use_custom_gutter=&#8220;on&#8220; make_equal=&#8220;on&#8220; module_class=&#8220;blurb-grid&#8220; _builder_version=&#8220;4.23.4&#8243; _module_preset=&#8220;default&#8220; locked=&#8220;off&#8220; global_colors_info=&#8220;{}&#8220;][et_pb_column type=&#8220;1_4&#8243; _builder_version=&#8220;4.23.4&#8243; _module_preset=&#8220;default&#8220; custom_padding=&#8220;10px||20px||false|false&#8220; custom_padding_tablet=&#8220;|20px||20px|false|true&#8220; custom_padding_phone=&#8220;|20px||20px|false|true&#8220; custom_padding_last_edited=&#8220;on|phone&#8220; global_colors_info=&#8220;{}&#8220; transform_styles__hover_enabled=&#8220;on|desktop&#8220; transform_scale__hover_enabled=&#8220;on|desktop&#8220; transform_translate__hover_enabled=&#8220;on|desktop&#8220; transform_rotate__hover_enabled=&#8220;on|desktop&#8220; transform_skew__hover_enabled=&#8220;on|desktop&#8220; transform_origin__hover_enabled=&#8220;on|desktop&#8220; transform_scale__hover=&#8220;105%|105%&#8220;][et_pb_blurb title=&#8220;sportovn\u00ed flotila&#8220; use_icon=&#8220;on&#8220; font_icon=&#8220;&#xf1b9;||fa||900&#8243; icon_color=&#8220;#585858&#8243; image_icon_width=&#8220;25px&#8220; _builder_version=&#8220;4.23.4&#8243; _module_preset=&#8220;default&#8220; header_font=&#8220;|700|||||||&#8220; header_text_align=&#8220;center&#8220; header_text_color=&#8220;#585858&#8243; body_font=&#8220;|300|||||||&#8220; body_text_align=&#8220;center&#8220; body_text_color=&#8220;#000000&#8243; body_font_size=&#8220;14px&#8220; body_line_height=&#8220;1.3em&#8220; background_color=&#8220;RGBA(255,255,255,0)&#8220; text_orientation=&#8220;center&#8220; custom_margin_tablet=&#8220;&#8220; custom_margin_phone=&#8220;||||false|false&#8220; custom_margin_last_edited=&#8220;on|phone&#8220; custom_padding=&#8220;1em|1.1em|1.2em|1.1em|false|true&#8220; custom_padding_tablet=&#8220;1em|1.1em|1.2em|1.1em|false|true&#8220; custom_padding_phone=&#8220;0em|0em|0em|0em|false|true&#8220; custom_padding_last_edited=&#8220;on|phone&#8220; header_font_size_tablet=&#8220;&#8220; header_font_size_phone=&#8220;&#8220; header_font_size_last_edited=&#8220;on|phone&#8220; border_radii=&#8220;on|20px|20px|20px|20px&#8220; global_colors_info=&#8220;{}&#8220; transform_styles__hover_enabled=&#8220;on|hover&#8220; transform_scale__hover_enabled=&#8220;on|hover&#8220; transform_translate__hover_enabled=&#8220;on|desktop&#8220; transform_rotate__hover_enabled=&#8220;on|desktop&#8220; transform_skew__hover_enabled=&#8220;on|desktop&#8220; transform_origin__hover_enabled=&#8220;on|desktop&#8220;]<\/p>\n<p>Nab\u00edz\u00edme pe\u010dliv\u011b vybran\u00e9 vozy zam\u011b\u0159en\u00e9 na skute\u010dn\u00fd z\u00e1\u017eitek z j\u00edzdy \u2014 od ostr\u00fdch zadokolek po v\u00fdkonn\u00e9 sedany.<\/p>\n<p>[\/et_pb_blurb][\/et_pb_column][et_pb_column type=&#8220;1_4&#8243; _builder_version=&#8220;4.23.4&#8243; _module_preset=&#8220;default&#8220; custom_padding=&#8220;10px||20px||false|false&#8220; custom_padding_tablet=&#8220;|20px||20px|false|true&#8220; custom_padding_phone=&#8220;|20px||20px|false|true&#8220; custom_padding_last_edited=&#8220;on|phone&#8220; global_colors_info=&#8220;{}&#8220; transform_styles__hover_enabled=&#8220;on|desktop&#8220; transform_scale__hover=&#8220;105%|105%&#8220; transform_scale__hover_enabled=&#8220;on|desktop&#8220; transform_translate__hover_enabled=&#8220;on|desktop&#8220; transform_rotate__hover_enabled=&#8220;on|desktop&#8220; transform_skew__hover_enabled=&#8220;on|desktop&#8220; transform_origin__hover_enabled=&#8220;on|desktop&#8220;][et_pb_blurb title=&#8220;Technick\u00e9 z\u00e1zem\u00ed DEPO&#8220; use_icon=&#8220;on&#8220; font_icon=&#8220;&#xf7d9;||fa||900&#8243; icon_color=&#8220;#585858&#8243; image_icon_width=&#8220;25px&#8220; _builder_version=&#8220;4.23.4&#8243; _module_preset=&#8220;default&#8220; header_font=&#8220;|700|||||||&#8220; header_text_align=&#8220;center&#8220; header_text_color=&#8220;#585858&#8243; body_font=&#8220;|300|||||||&#8220; body_text_align=&#8220;center&#8220; body_text_color=&#8220;#000000&#8243; body_font_size=&#8220;14px&#8220; body_line_height=&#8220;1.3em&#8220; background_color=&#8220;RGBA(255,255,255,0)&#8220; text_orientation=&#8220;center&#8220; custom_padding=&#8220;1em|1.1em|1.2em|1.1em|false|true&#8220; custom_padding_tablet=&#8220;1em|1.1em|1.2em|1.1em|false|true&#8220; custom_padding_phone=&#8220;0em|0em|0em|0em|false|true&#8220; custom_padding_last_edited=&#8220;on|phone&#8220; border_radii=&#8220;on|20px|20px|20px|20px&#8220; global_colors_info=&#8220;{}&#8220; transform_styles__hover_enabled=&#8220;on|hover&#8220; transform_scale__hover_enabled=&#8220;on|hover&#8220; transform_translate__hover_enabled=&#8220;on|desktop&#8220; transform_rotate__hover_enabled=&#8220;on|desktop&#8220; transform_skew__hover_enabled=&#8220;on|desktop&#8220; transform_origin__hover_enabled=&#8220;on|desktop&#8220;]<\/p>\n<p>Na\u0161e vozy proch\u00e1zej\u00ed pravidelnou kontrolou v na\u0161em vlastn\u00edm servisu. Technick\u00fd stav je pro n\u00e1s absolutn\u00ed priorita.<\/p>\n<p>[\/et_pb_blurb][\/et_pb_column][et_pb_column type=&#8220;1_4&#8243; _builder_version=&#8220;4.19.4&#8243; _module_preset=&#8220;default&#8220; custom_padding=&#8220;10px||20px||false|false&#8220; custom_padding_tablet=&#8220;|20px||20px|false|true&#8220; custom_padding_phone=&#8220;|20px||20px|false|true&#8220; custom_padding_last_edited=&#8220;on|phone&#8220; global_colors_info=&#8220;{}&#8220; transform_styles__hover_enabled=&#8220;on|desktop&#8220; transform_scale__hover=&#8220;105%|105%&#8220; transform_scale__hover_enabled=&#8220;on|desktop&#8220; transform_translate__hover_enabled=&#8220;on|desktop&#8220; transform_rotate__hover_enabled=&#8220;on|desktop&#8220; transform_skew__hover_enabled=&#8220;on|desktop&#8220; transform_origin__hover_enabled=&#8220;on|desktop&#8220;][et_pb_blurb title=&#8220;Transparentn\u00ed podm\u00ednky&#8220; use_icon=&#8220;on&#8220; font_icon=&#8220;&#xe059;||divi||400&#8243; icon_color=&#8220;#585858&#8243; image_icon_width=&#8220;25px&#8220; _builder_version=&#8220;4.23.4&#8243; _module_preset=&#8220;default&#8220; header_font=&#8220;|700|||||||&#8220; header_text_align=&#8220;center&#8220; header_text_color=&#8220;#585858&#8243; body_font=&#8220;|300|||||||&#8220; body_text_align=&#8220;center&#8220; body_text_color=&#8220;#000000&#8243; body_font_size=&#8220;14px&#8220; body_line_height=&#8220;1.3em&#8220; background_color=&#8220;RGBA(255,255,255,0)&#8220; text_orientation=&#8220;center&#8220; custom_padding=&#8220;1em|1.1em|1.2em|1.1em|false|true&#8220; custom_padding_tablet=&#8220;1em|1.1em|1.2em|1.1em|false|true&#8220; custom_padding_phone=&#8220;0em|0em|0em|0em|false|true&#8220; custom_padding_last_edited=&#8220;on|phone&#8220; border_radii=&#8220;on|20px|20px|20px|20px&#8220; global_colors_info=&#8220;{}&#8220; transform_styles__hover_enabled=&#8220;on|hover&#8220; transform_scale__hover_enabled=&#8220;on|hover&#8220; transform_translate__hover_enabled=&#8220;on|desktop&#8220; transform_rotate__hover_enabled=&#8220;on|desktop&#8220; transform_skew__hover_enabled=&#8220;on|desktop&#8220; transform_origin__hover_enabled=&#8220;on|desktop&#8220;]<\/p>\n<p>\u017d\u00e1dn\u00e9 skryt\u00e9 poplatky ani nep\u0159\u00edjemn\u00e1 p\u0159ekvapen\u00ed. P\u0159esn\u011b v\u00edte, za co plat\u00edte.<\/p>\n<p>[\/et_pb_blurb][\/et_pb_column][et_pb_column type=&#8220;1_4&#8243; _builder_version=&#8220;4.19.4&#8243; _module_preset=&#8220;default&#8220; custom_padding=&#8220;10px||20px||false|false&#8220; custom_padding_tablet=&#8220;|20px||20px|false|true&#8220; custom_padding_phone=&#8220;|20px||20px|false|true&#8220; custom_padding_last_edited=&#8220;on|phone&#8220; global_colors_info=&#8220;{}&#8220; transform_styles__hover_enabled=&#8220;on|desktop&#8220; transform_scale__hover=&#8220;105%|105%&#8220; transform_scale__hover_enabled=&#8220;on|desktop&#8220; transform_translate__hover_enabled=&#8220;on|desktop&#8220; transform_rotate__hover_enabled=&#8220;on|desktop&#8220; transform_skew__hover_enabled=&#8220;on|desktop&#8220; transform_origin__hover_enabled=&#8220;on|desktop&#8220;][et_pb_blurb title=&#8220;Snadn\u00e9 vyzvednut\u00ed v Praze&#8220; use_icon=&#8220;on&#8220; font_icon=&#8220;&#xe081;||divi||400&#8243; icon_color=&#8220;#585858&#8243; image_icon_width=&#8220;25px&#8220; _builder_version=&#8220;4.23.4&#8243; _module_preset=&#8220;default&#8220; header_font=&#8220;|700|||||||&#8220; header_text_align=&#8220;center&#8220; header_text_color=&#8220;#585858&#8243; body_font=&#8220;|300|||||||&#8220; body_text_align=&#8220;center&#8220; body_text_color=&#8220;#000000&#8243; body_font_size=&#8220;14px&#8220; body_line_height=&#8220;1.3em&#8220; background_color=&#8220;RGBA(255,255,255,0)&#8220; text_orientation=&#8220;center&#8220; custom_padding=&#8220;1em|1.1em|1.2em|1.1em|false|true&#8220; custom_padding_tablet=&#8220;1em|1.1em|1.2em|1.1em|false|true&#8220; custom_padding_phone=&#8220;0em|0em|0em|0em|false|true&#8220; custom_padding_last_edited=&#8220;on|phone&#8220; border_radii=&#8220;on|20px|20px|20px|20px&#8220; global_colors_info=&#8220;{}&#8220; transform_styles__hover_enabled=&#8220;on|hover&#8220; transform_scale__hover_enabled=&#8220;on|hover&#8220; transform_translate__hover_enabled=&#8220;on|desktop&#8220; transform_rotate__hover_enabled=&#8220;on|desktop&#8220; transform_skew__hover_enabled=&#8220;on|desktop&#8220; transform_origin__hover_enabled=&#8220;on|desktop&#8220;]<\/p>\n<p>Najdete n\u00e1s na Vinohradech s pohodln\u00fdm p\u0159\u00edstupem a rychl\u00fdm p\u0159ed\u00e1n\u00edm vozu.<\/p>\n<p>[\/et_pb_blurb][\/et_pb_column][\/et_pb_row][\/et_pb_section][et_pb_section fb_built=&#8220;1&#8243; _builder_version=&#8220;4.20.0&#8243; _module_preset=&#8220;default&#8220; hover_enabled=&#8220;0&#8243; global_colors_info=&#8220;{}&#8220; sticky_enabled=&#8220;0&#8243;][et_pb_row column_structure=&#8220;1_2,1_2&#8243; use_custom_gutter=&#8220;on&#8220; gutter_width=&#8220;4&#8243; make_equal=&#8220;on&#8220; _builder_version=&#8220;4.23.4&#8243; _module_preset=&#8220;default&#8220; hover_enabled=&#8220;0&#8243; locked=&#8220;off&#8220; global_colors_info=&#8220;{}&#8220; sticky_enabled=&#8220;0&#8243;][et_pb_column type=&#8220;1_2&#8243; module_class=&#8220;car-card-col&#8220; _builder_version=&#8220;4.23.4&#8243; _module_preset=&#8220;default&#8220; link_option_url=&#8220;https:\/\/depocarsandcoffee.cz\/temp-rental\/temp-detail-vozu\/&#8220; border_radii=&#8220;on|25px|25px|25px|25px&#8220; box_shadow_style=&#8220;preset2&#8243; box_shadow_color=&#8220;rgba(0,0,0,0.1)&#8220; global_colors_info=&#8220;{}&#8220; transform_styles__hover_enabled=&#8220;on|hover&#8220; transform_scale__hover=&#8220;102%|102%&#8220; transform_scale__hover_enabled=&#8220;on|hover&#8220; transform_translate__hover_enabled=&#8220;on|desktop&#8220; transform_rotate__hover_enabled=&#8220;on|desktop&#8220; transform_skew__hover_enabled=&#8220;on|desktop&#8220; transform_origin__hover_enabled=&#8220;on|desktop&#8220;][et_pb_image src=&#8220;https:\/\/depocarsandcoffee.cz\/wp-content\/uploads\/2026\/02\/Gemini_Generated_Image_fi68e1fi68e1fi68.png&#8220; title_text=&#8220;Gemini_Generated_Image_fi68e1fi68e1fi68&#8243; module_class=&#8220;car-card-image&#8220; _builder_version=&#8220;4.23.4&#8243; _module_preset=&#8220;default&#8220; custom_margin=&#8220;||0px||false|false&#8220; custom_padding=&#8220;||0px||false|false&#8220; hover_enabled=&#8220;0&#8243; global_colors_info=&#8220;{}&#8220; sticky_enabled=&#8220;0&#8243;][\/et_pb_image][et_pb_cta title=&#8220; BMW M5 Competition F90&#8243; button_url=&#8220;https:\/\/depocarsandcoffee.cz\/temp-rental\/temp-detail-vozu\/&#8220; button_text=&#8220;Detail vozu&#8220; _builder_version=&#8220;4.23.4&#8243; _module_preset=&#8220;default&#8220; header_font=&#8220;|700|||||||&#8220; header_text_align=&#8220;left&#8220; header_text_color=&#8220;#000000&#8243; header_font_size=&#8220;35px&#8220; body_text_align=&#8220;left&#8220; body_text_color=&#8220;#000000&#8243; body_font_size=&#8220;17px&#8220; background_enable_color=&#8220;off&#8220; use_background_color_gradient=&#8220;on&#8220; background_color_gradient_direction=&#8220;90deg&#8220; background_color_gradient_stops=&#8220;#ffffff 0%|rgba(255,255,255,0) 100%&#8220; background_color_gradient_overlays_image=&#8220;on&#8220; background_enable_image=&#8220;off&#8220; button_alignment=&#8220;center&#8220; global_colors_info=&#8220;{}&#8220;]<\/p>\n<p>cena od <strong>6 000,- K\u010d<\/strong> \/ den<\/p>\n<p>[\/et_pb_cta][et_pb_text module_class=&#8220;car-badges&#8220; _builder_version=&#8220;4.23.4&#8243; _module_preset=&#8220;default&#8220; text_font_size=&#8220;13px&#8220; custom_margin=&#8220;||0px||false|false&#8220; hover_enabled=&#8220;0&#8243; global_colors_info=&#8220;{}&#8220; sticky_enabled=&#8220;0&#8243;]<span class=\"car-badge badge-auto\">AUTO<\/span><span class=\"car-badge badge-auto\">4&#215;4<\/span><span class=\"car-badge badge-auto\">460kW<\/span>[\/et_pb_text][\/et_pb_column][et_pb_column type=&#8220;1_2&#8243; module_class=&#8220;car-card-col&#8220; _builder_version=&#8220;4.23.4&#8243; _module_preset=&#8220;default&#8220; hover_enabled=&#8220;0&#8243; border_radii=&#8220;on|25px|25px|25px|25px&#8220; global_colors_info=&#8220;{}&#8220; transform_styles__hover_enabled=&#8220;on|hover&#8220; transform_scale__hover_enabled=&#8220;on|hover&#8220; transform_translate__hover_enabled=&#8220;on|desktop&#8220; transform_rotate__hover_enabled=&#8220;on|desktop&#8220; transform_skew__hover_enabled=&#8220;on|desktop&#8220; transform_origin__hover_enabled=&#8220;on|desktop&#8220; transform_scale__hover=&#8220;102%|102%&#8220; sticky_enabled=&#8220;0&#8243;][\/et_pb_column][\/et_pb_row][\/et_pb_section]<\/p>\n","protected":false},"excerpt":{"rendered":"<p>Performance Rental P\u016fj\u010dovna voz\u016fRozlehl\u00e1 d\u00edlna s celkem sedmi zved\u00e1ky a kompletn\u00edm vybaven\u00edm pro geometrii osobn\u00edch i z\u00e1vodn\u00edch aut, pneuservis, repase motor\u016f, p\u0159evodovek a diferenci\u00e1l\u016f, renovace youngtimer\u016f, \u010di\u0161t\u011bn\u00ed a p\u00edskov\u00e1n\u00ed motor\u016f i podvozkov\u00fdch komponent\u016f a se spoustou dal\u0161\u00edho profesion\u00e1ln\u00edho za\u0159\u00edzen\u00ed je srdcem are\u00e1lu DEPO Cars and Coffee na pra\u017esk\u00fdch Vinohradech. Pro n\u00e1s neexistuj\u00ed \u017e\u00e1dn\u00e9 p\u0159ek\u00e1\u017eky. D\u011bl\u00e1me [&hellip;]<\/p>\n","protected":false},"author":1,"featured_media":0,"parent":0,"menu_order":0,"comment_status":"closed","ping_status":"closed","template":"","meta":{"_et_pb_use_builder":"on","_et_pb_old_content":"","_et_gb_content_width":"","footnotes":""},"class_list":["post-244455","page","type-page","status-publish","hentry"],"yoast_head":"<!-- This site is optimized with the Yoast SEO plugin v27.0 - https:\/\/yoast.com\/product\/yoast-seo-wordpress\/ -->\n<title>Temp - Rental - DEPO Cars &amp; Coffee<\/title>\n<meta name=\"robots\" content=\"index, follow, max-snippet:-1, max-image-preview:large, max-video-preview:-1\" \/>\n<link rel=\"canonical\" href=\"https:\/\/depocarsandcoffee.cz\/en\/temp-rental\/\" \/>\n<meta property=\"og:locale\" content=\"en_US\" \/>\n<meta property=\"og:type\" content=\"article\" \/>\n<meta property=\"og:title\" content=\"Temp - Rental - DEPO Cars &amp; Coffee\" \/>\n<meta property=\"og:description\" content=\"Performance Rental P\u016fj\u010dovna voz\u016fRozlehl\u00e1 d\u00edlna s celkem sedmi zved\u00e1ky a kompletn\u00edm vybaven\u00edm pro geometrii osobn\u00edch i z\u00e1vodn\u00edch aut, pneuservis, repase motor\u016f, p\u0159evodovek a diferenci\u00e1l\u016f, renovace youngtimer\u016f, \u010di\u0161t\u011bn\u00ed a p\u00edskov\u00e1n\u00ed motor\u016f i podvozkov\u00fdch komponent\u016f a se spoustou dal\u0161\u00edho profesion\u00e1ln\u00edho za\u0159\u00edzen\u00ed je srdcem are\u00e1lu DEPO Cars and Coffee na pra\u017esk\u00fdch Vinohradech. Pro n\u00e1s neexistuj\u00ed \u017e\u00e1dn\u00e9 p\u0159ek\u00e1\u017eky. D\u011bl\u00e1me [&hellip;]\" \/>\n<meta property=\"og:url\" content=\"https:\/\/depocarsandcoffee.cz\/en\/temp-rental\/\" \/>\n<meta property=\"og:site_name\" content=\"DEPO Cars &amp; Coffee\" \/>\n<meta property=\"article:modified_time\" content=\"2026-03-05T07:31:15+00:00\" \/>\n<meta name=\"twitter:card\" content=\"summary_large_image\" \/>\n<meta name=\"twitter:label1\" content=\"Est. reading time\" \/>\n\t<meta name=\"twitter:data1\" content=\"2 minutes\" \/>\n<script type=\"application\/ld+json\" class=\"yoast-schema-graph\">{\"@context\":\"https:\/\/schema.org\",\"@graph\":[{\"@type\":\"WebPage\",\"@id\":\"https:\/\/depocarsandcoffee.cz\/temp-rental\/\",\"url\":\"https:\/\/depocarsandcoffee.cz\/temp-rental\/\",\"name\":\"Temp - Rental - DEPO Cars &amp; Coffee\",\"isPartOf\":{\"@id\":\"https:\/\/depocarsandcoffee.cz\/#website\"},\"datePublished\":\"2026-02-24T12:50:41+00:00\",\"dateModified\":\"2026-03-05T07:31:15+00:00\",\"breadcrumb\":{\"@id\":\"https:\/\/depocarsandcoffee.cz\/temp-rental\/#breadcrumb\"},\"inLanguage\":\"en-US\",\"potentialAction\":[{\"@type\":\"ReadAction\",\"target\":[\"https:\/\/depocarsandcoffee.cz\/temp-rental\/\"]}]},{\"@type\":\"BreadcrumbList\",\"@id\":\"https:\/\/depocarsandcoffee.cz\/temp-rental\/#breadcrumb\",\"itemListElement\":[{\"@type\":\"ListItem\",\"position\":1,\"name\":\"Home\",\"item\":\"https:\/\/depocarsandcoffee.cz\/\"},{\"@type\":\"ListItem\",\"position\":2,\"name\":\"Temp &#8211; Rental\"}]},{\"@type\":\"WebSite\",\"@id\":\"https:\/\/depocarsandcoffee.cz\/#website\",\"url\":\"https:\/\/depocarsandcoffee.cz\/\",\"name\":\"DEPO Cars & Coffee\",\"description\":\"Your one stop for everything cars.\",\"publisher\":{\"@id\":\"https:\/\/depocarsandcoffee.cz\/#organization\"},\"potentialAction\":[{\"@type\":\"SearchAction\",\"target\":{\"@type\":\"EntryPoint\",\"urlTemplate\":\"https:\/\/depocarsandcoffee.cz\/?s={search_term_string}\"},\"query-input\":{\"@type\":\"PropertyValueSpecification\",\"valueRequired\":true,\"valueName\":\"search_term_string\"}}],\"inLanguage\":\"en-US\"},{\"@type\":\"Organization\",\"@id\":\"https:\/\/depocarsandcoffee.cz\/#organization\",\"name\":\"DEPO Cars & Coffee\",\"url\":\"https:\/\/depocarsandcoffee.cz\/\",\"logo\":{\"@type\":\"ImageObject\",\"inLanguage\":\"en-US\",\"@id\":\"https:\/\/depocarsandcoffee.cz\/#\/schema\/logo\/image\/\",\"url\":\"https:\/\/depocarsandcoffee.cz\/wp-content\/uploads\/2023\/01\/Primarni-logo@2x.png\",\"contentUrl\":\"https:\/\/depocarsandcoffee.cz\/wp-content\/uploads\/2023\/01\/Primarni-logo@2x.png\",\"width\":409,\"height\":409,\"caption\":\"DEPO Cars & Coffee\"},\"image\":{\"@id\":\"https:\/\/depocarsandcoffee.cz\/#\/schema\/logo\/image\/\"},\"sameAs\":[\"http:\/\/instagram.com\/depocarscoffee\",\"https:\/\/www.youtube.com\/channel\/UC21C7JYLMp2jwrSVcU3cbPg\"]}]}<\/script>\n<!-- \/ Yoast SEO plugin. -->","yoast_head_json":{"title":"Temp - Rental - DEPO Cars &amp; Coffee","robots":{"index":"index","follow":"follow","max-snippet":"max-snippet:-1","max-image-preview":"max-image-preview:large","max-video-preview":"max-video-preview:-1"},"canonical":"https:\/\/depocarsandcoffee.cz\/en\/temp-rental\/","og_locale":"en_US","og_type":"article","og_title":"Temp - Rental - DEPO Cars &amp; Coffee","og_description":"Performance Rental P\u016fj\u010dovna voz\u016fRozlehl\u00e1 d\u00edlna s celkem sedmi zved\u00e1ky a kompletn\u00edm vybaven\u00edm pro geometrii osobn\u00edch i z\u00e1vodn\u00edch aut, pneuservis, repase motor\u016f, p\u0159evodovek a diferenci\u00e1l\u016f, renovace youngtimer\u016f, \u010di\u0161t\u011bn\u00ed a p\u00edskov\u00e1n\u00ed motor\u016f i podvozkov\u00fdch komponent\u016f a se spoustou dal\u0161\u00edho profesion\u00e1ln\u00edho za\u0159\u00edzen\u00ed je srdcem are\u00e1lu DEPO Cars and Coffee na pra\u017esk\u00fdch Vinohradech. Pro n\u00e1s neexistuj\u00ed \u017e\u00e1dn\u00e9 p\u0159ek\u00e1\u017eky. D\u011bl\u00e1me [&hellip;]","og_url":"https:\/\/depocarsandcoffee.cz\/en\/temp-rental\/","og_site_name":"DEPO Cars &amp; Coffee","article_modified_time":"2026-03-05T07:31:15+00:00","twitter_card":"summary_large_image","twitter_misc":{"Est. reading time":"2 minutes"},"schema":{"@context":"https:\/\/schema.org","@graph":[{"@type":"WebPage","@id":"https:\/\/depocarsandcoffee.cz\/temp-rental\/","url":"https:\/\/depocarsandcoffee.cz\/temp-rental\/","name":"Temp - Rental - DEPO Cars &amp; Coffee","isPartOf":{"@id":"https:\/\/depocarsandcoffee.cz\/#website"},"datePublished":"2026-02-24T12:50:41+00:00","dateModified":"2026-03-05T07:31:15+00:00","breadcrumb":{"@id":"https:\/\/depocarsandcoffee.cz\/temp-rental\/#breadcrumb"},"inLanguage":"en-US","potentialAction":[{"@type":"ReadAction","target":["https:\/\/depocarsandcoffee.cz\/temp-rental\/"]}]},{"@type":"BreadcrumbList","@id":"https:\/\/depocarsandcoffee.cz\/temp-rental\/#breadcrumb","itemListElement":[{"@type":"ListItem","position":1,"name":"Home","item":"https:\/\/depocarsandcoffee.cz\/"},{"@type":"ListItem","position":2,"name":"Temp &#8211; Rental"}]},{"@type":"WebSite","@id":"https:\/\/depocarsandcoffee.cz\/#website","url":"https:\/\/depocarsandcoffee.cz\/","name":"DEPO Cars & Coffee","description":"Your one stop for everything cars.","publisher":{"@id":"https:\/\/depocarsandcoffee.cz\/#organization"},"potentialAction":[{"@type":"SearchAction","target":{"@type":"EntryPoint","urlTemplate":"https:\/\/depocarsandcoffee.cz\/?s={search_term_string}"},"query-input":{"@type":"PropertyValueSpecification","valueRequired":true,"valueName":"search_term_string"}}],"inLanguage":"en-US"},{"@type":"Organization","@id":"https:\/\/depocarsandcoffee.cz\/#organization","name":"DEPO Cars & Coffee","url":"https:\/\/depocarsandcoffee.cz\/","logo":{"@type":"ImageObject","inLanguage":"en-US","@id":"https:\/\/depocarsandcoffee.cz\/#\/schema\/logo\/image\/","url":"https:\/\/depocarsandcoffee.cz\/wp-content\/uploads\/2023\/01\/Primarni-logo@2x.png","contentUrl":"https:\/\/depocarsandcoffee.cz\/wp-content\/uploads\/2023\/01\/Primarni-logo@2x.png","width":409,"height":409,"caption":"DEPO Cars & Coffee"},"image":{"@id":"https:\/\/depocarsandcoffee.cz\/#\/schema\/logo\/image\/"},"sameAs":["http:\/\/instagram.com\/depocarscoffee","https:\/\/www.youtube.com\/channel\/UC21C7JYLMp2jwrSVcU3cbPg"]}]}},"_links":{"self":[{"href":"https:\/\/depocarsandcoffee.cz\/en\/wp-json\/wp\/v2\/pages\/244455","targetHints":{"allow":["GET"]}}],"collection":[{"href":"https:\/\/depocarsandcoffee.cz\/en\/wp-json\/wp\/v2\/pages"}],"about":[{"href":"https:\/\/depocarsandcoffee.cz\/en\/wp-json\/wp\/v2\/types\/page"}],"author":[{"embeddable":true,"href":"https:\/\/depocarsandcoffee.cz\/en\/wp-json\/wp\/v2\/users\/1"}],"replies":[{"embeddable":true,"href":"https:\/\/depocarsandcoffee.cz\/en\/wp-json\/wp\/v2\/comments?post=244455"}],"version-history":[{"count":48,"href":"https:\/\/depocarsandcoffee.cz\/en\/wp-json\/wp\/v2\/pages\/244455\/revisions"}],"predecessor-version":[{"id":244638,"href":"https:\/\/depocarsandcoffee.cz\/en\/wp-json\/wp\/v2\/pages\/244455\/revisions\/244638"}],"wp:attachment":[{"href":"https:\/\/depocarsandcoffee.cz\/en\/wp-json\/wp\/v2\/media?parent=244455"}],"curies":[{"name":"wp","href":"https:\/\/api.w.org\/{rel}","templated":true}]}}