{"id":244828,"date":"2026-03-31T07:13:21","date_gmt":"2026-03-31T07:13:21","guid":{"rendered":"https:\/\/depocarsandcoffee.cz\/?page_id=244828"},"modified":"2026-03-31T07:50:18","modified_gmt":"2026-03-31T07:50:18","slug":"bmw-x5-m-competition","status":"publish","type":"page","link":"https:\/\/depocarsandcoffee.cz\/en\/pujcovna-aut\/bmw-x5-m-competition\/","title":{"rendered":"BMW X5 M Competition"},"content":{"rendered":"<p>[et_pb_section fb_built=&#8220;1&#8243; custom_padding_last_edited=&#8220;on|phone&#8220; _builder_version=&#8220;4.23.4&#8243; _module_preset=&#8220;default&#8220; custom_padding=&#8220;||||false|false&#8220; custom_padding_tablet=&#8220;23vh||||false|false&#8220; custom_padding_phone=&#8220;0vh||||false|false&#8220; locked=&#8220;off&#8220; global_colors_info=&#8220;{}&#8220; theme_builder_area=&#8220;post_content&#8220;][\/et_pb_section][et_pb_section fb_built=&#8220;1&#8243; _builder_version=&#8220;4.23.4&#8243; _module_preset=&#8220;default&#8220; global_colors_info=&#8220;{}&#8220; theme_builder_area=&#8220;post_content&#8220;][et_pb_row column_structure=&#8220;3_5,2_5&#8243; _builder_version=&#8220;4.23.4&#8243; _module_preset=&#8220;default&#8220; global_colors_info=&#8220;{}&#8220; theme_builder_area=&#8220;post_content&#8220;][et_pb_column type=&#8220;3_5&#8243; module_class=&#8220;car-gallery-wrap&#8220; _builder_version=&#8220;4.23.4&#8243; _module_preset=&#8220;default&#8220; global_colors_info=&#8220;{}&#8220; theme_builder_area=&#8220;post_content&#8220;][et_pb_image src=&#8220;https:\/\/depocarsandcoffee.cz\/wp-content\/uploads\/2026\/03\/DSCF3120.jpg&#8220; title_text=&#8220;DSCF3120&#8243; module_class=&#8220;car-hero&#8220; _builder_version=&#8220;4.23.4&#8243; _module_preset=&#8220;default&#8220; hover_enabled=&#8220;0&#8243; global_colors_info=&#8220;{}&#8220; theme_builder_area=&#8220;post_content&#8220; sticky_enabled=&#8220;0&#8243;][\/et_pb_image][et_pb_code _builder_version=&#8220;4.23.4&#8243; _module_preset=&#8220;default&#8220; global_colors_info=&#8220;{}&#8220; theme_builder_area=&#8220;post_content&#8220;]<\/p>\n<div class=\"car-gallery-arrow left\" data-dir=\"-1\" aria-label=\"P\u0159edchoz\u00ed fotky\">\u2039<\/div>\n<p><!-- [et_pb_line_break_holder] --><\/p>\n<div class=\"car-gallery-arrow right\" data-dir=\"1\" aria-label=\"Dal\u0161\u00ed fotky\">\u203a<\/div>\n<p>[\/et_pb_code][et_pb_gallery gallery_ids=&#8220;244833,244834,244835,244836,244837,244838,244839,244840&#8243; posts_number=&#8220;10&#8243; show_title_and_caption=&#8220;off&#8220; show_pagination=&#8220;off&#8220; module_class=&#8220;car-gallery-strip&#8220; _builder_version=&#8220;4.23.4&#8243; _module_preset=&#8220;default&#8220; hover_enabled=&#8220;0&#8243; global_colors_info=&#8220;{}&#8220; border_color_all_image__hover_enabled=&#8220;on|hover&#8220; border_color_all_image__hover=&#8220;RGBA(255,255,255,0)&#8220; theme_builder_area=&#8220;post_content&#8220; sticky_enabled=&#8220;0&#8243;][\/et_pb_gallery][\/et_pb_column][et_pb_column type=&#8220;2_5&#8243; _builder_version=&#8220;4.23.4&#8243; _module_preset=&#8220;default&#8220; global_colors_info=&#8220;{}&#8220; theme_builder_area=&#8220;post_content&#8220;][et_pb_text _builder_version=&#8220;4.23.4&#8243; _module_preset=&#8220;default&#8220; text_font=&#8220;||||||||&#8220; text_line_height=&#8220;1.8em&#8220; header_4_font=&#8220;|700|||||||&#8220; header_4_text_color=&#8220;#141487&#8243; header_6_font=&#8220;|800|||||||&#8220; header_6_font_size=&#8220;45px&#8220; header_6_letter_spacing=&#8220;1px&#8220; hover_enabled=&#8220;0&#8243; global_colors_info=&#8220;{}&#8220; theme_builder_area=&#8220;post_content&#8220; sticky_enabled=&#8220;0&#8243;]<\/p>\n<h6><strong>BMW X5 M Competition F95<\/strong><\/h6>\n<p>[\/et_pb_text][et_pb_text _builder_version=&#8220;4.23.4&#8243; _module_preset=&#8220;default&#8220; hover_enabled=&#8220;0&#8243; global_colors_info=&#8220;{}&#8220; theme_builder_area=&#8220;post_content&#8220; sticky_enabled=&#8220;0&#8243;]<\/p>\n<p><span class=\"car-chip\">AUTO<\/span> <span class=\"car-chip\">4&#215;4<\/span> <span class=\"car-chip\">460 kW<\/span> <span class=\"car-chip\">750 Nm<\/span><span class=\"car-chip\">5 M\u00cdST<\/span><\/p>\n<p>[\/et_pb_text][et_pb_text _builder_version=&#8220;4.23.4&#8243; _module_preset=&#8220;default&#8220; hover_enabled=&#8220;0&#8243; global_colors_info=&#8220;{}&#8220; theme_builder_area=&#8220;post_content&#8220; sticky_enabled=&#8220;0&#8243;]<\/p>\n<p><span>P\u016fj\u010d si na\u0161i BMW X5 M Competition v maxim\u00e1ln\u00ed mo\u017en\u00e9 v\u00fdbav\u011b na v\u00edkend a zjisti, jak jezd\u00ed jedno z nejv\u00fdkon\u011bj\u0161\u00edch rodinn\u00fdch SUV na trhu.<\/span><\/p>\n<p>[\/et_pb_text][et_pb_text _builder_version=&#8220;4.23.4&#8243; _module_preset=&#8220;default&#8220; text_font=&#8220;|300|||||||&#8220; text_font_size=&#8220;13px&#8220; header_4_font=&#8220;|700|||||||&#8220; header_6_font=&#8220;|||on|||||&#8220; custom_margin=&#8220;||-1px||false|false&#8220; custom_padding=&#8220;||||false|false&#8220; hover_enabled=&#8220;0&#8243; global_colors_info=&#8220;{}&#8220; theme_builder_area=&#8220;post_content&#8220; sticky_enabled=&#8220;0&#8243;]<\/p>\n<h4>Cen\u00edk pron\u00e1jmu<\/h4>\n<ul class=\"rental-pricing\">\n<li><strong>V\u00edkend<\/strong><span>30 000 K\u010d<\/span><\/li>\n<\/ul>\n<p><span>Vratn\u00e1 kauce 40 000 K\u010d, pln\u00e9 zn\u011bn\u00ed podm\u00ednek <a href=\"#podminky\" class=\"terms-link\">zde<\/a><\/span><\/p>\n<ul class=\"rental-mileage\"><\/ul>\n<p>[\/et_pb_text][et_pb_button button_url=&#8220;https:\/\/depocarsandcoffee.cz\/pujcovna-aut\/rezervace-pronajmu-vozu\/&#8220; button_text=&#8220;Popt\u00e1vka rezervace&#8220; _builder_version=&#8220;4.23.4&#8243; _module_preset=&#8220;default&#8220; custom_button=&#8220;on&#8220; button_icon=&#8220;&#x24;||divi||400&#8243; button_on_hover=&#8220;off&#8220; global_colors_info=&#8220;{}&#8220; theme_builder_area=&#8220;post_content&#8220;][\/et_pb_button][\/et_pb_column][\/et_pb_row][\/et_pb_section][et_pb_section fb_built=&#8220;1&#8243; _builder_version=&#8220;4.23.4&#8243; _module_preset=&#8220;default&#8220; custom_padding=&#8220;0px||||false|false&#8220; global_colors_info=&#8220;{}&#8220; theme_builder_area=&#8220;post_content&#8220;][et_pb_row _builder_version=&#8220;4.23.4&#8243; _module_preset=&#8220;default&#8220; hover_enabled=&#8220;0&#8243; global_colors_info=&#8220;{}&#8220; theme_builder_area=&#8220;post_content&#8220; sticky_enabled=&#8220;0&#8243;][et_pb_column type=&#8220;4_4&#8243; _builder_version=&#8220;4.23.4&#8243; _module_preset=&#8220;default&#8220; global_colors_info=&#8220;{}&#8220; theme_builder_area=&#8220;post_content&#8220;][et_pb_text _builder_version=&#8220;4.23.4&#8243; _module_preset=&#8220;default&#8220; hover_enabled=&#8220;0&#8243; global_colors_info=&#8220;{}&#8220; theme_builder_area=&#8220;post_content&#8220; sticky_enabled=&#8220;0&#8243;]<\/p>\n<p><span>P\u016fj\u010d si na\u0161i BMW X5 M Competition <strong>F95 v maxim\u00e1ln\u00ed mo\u017en\u00e9 v\u00fdbav\u011b<\/strong> na v\u00edkend a zjisti, jak jezd\u00ed jedno z nejv\u00fdkon\u011bj\u0161\u00edch rodinn\u00fdch SUV na trhu.<\/span><\/p>\n<p><span>BMW X5 M je auto, kter\u00e9 pop\u00edr\u00e1 fyzik\u00e1ln\u00ed z\u00e1kony. Nab\u00edz\u00ed komfort, vysok\u00fd posed s dokonal\u00fdm v\u00fdhledem a prakti\u010dnost velk\u00e9ho SUV, ale z\u00e1rove\u0148 akceleraci a dynamiku, za kterou by se nestyd\u011blo sportovn\u00ed kup\u00e9.<\/span><\/p>\n<p><strong>Pro\u010d BMW X5 M Competition F95?<\/strong><\/p>\n<p><span>BMW X5 M Competition je d\u016fkazem, \u017ee i velk\u00e9 SUV m\u016f\u017ee jezdit jako \u010distokrevn\u00e9 BMW M. Pod kapotou pracuje 4,4litrov\u00fd twin-turbo osmiv\u00e1lec o v\u00fdkonu <strong>625 kon\u00ed<\/strong>, kter\u00fd vyst\u0159el\u00ed toto t\u00e9m\u011b\u0159 dvoutunov\u00e9 SUV z 0 na 100 km\/h za pouh\u00e9 <strong>3,8 sekundy<\/strong>.<\/span><\/p>\n<p><span>Syst\u00e9m M xDrive p\u0159en\u00e1\u0161\u00ed v\u00fdkon efektivn\u011b na v\u0161echna \u010dty\u0159i kola a zaji\u0161\u0165uje maxim\u00e1ln\u00ed trakci za v\u0161ech podm\u00ednek. Adaptivn\u00ed podvozek dr\u017e\u00ed karoserii pevn\u011b pod kontrolou i p\u0159i velmi dynamick\u00e9 j\u00edzd\u011b a v\u00fdkonn\u00e9 brzdy zvl\u00e1daj\u00ed opakovan\u00e9 vysok\u00e9 zat\u00ed\u017een\u00ed. Potenci\u00e1l motoru tedy m\u016f\u017ee\u0161 vyu\u017e\u00edt naplno a bezpe\u010dn\u011b. <\/span><\/p>\n<p><span>P\u0159esto v\u0161echno si X5 M Competition zachov\u00e1v\u00e1 komfort pr\u00e9miov\u00e9ho SUV, a to i d\u00edky <strong>maxim\u00e1ln\u00ed mo\u017en\u00e9 v\u00fdbav\u011b<\/strong>, kterou je vybaven i n\u00e1\u0161 konkr\u00e9tn\u00ed v\u016fz. Nab\u00edz\u00ed prostorn\u00fd interi\u00e9r, kvalitn\u00ed materi\u00e1ly, perfektn\u00ed audiosyst\u00e9m a ka\u017edodenn\u00ed pou\u017eitelnost.<\/span><\/p>\n<p>[\/et_pb_text][\/et_pb_column][\/et_pb_row][et_pb_row _builder_version=&#8220;4.23.4&#8243; _module_preset=&#8220;default&#8220; global_colors_info=&#8220;{}&#8220; theme_builder_area=&#8220;post_content&#8220;][et_pb_column type=&#8220;4_4&#8243; _builder_version=&#8220;4.23.4&#8243; _module_preset=&#8220;default&#8220; global_colors_info=&#8220;{}&#8220; theme_builder_area=&#8220;post_content&#8220;][et_pb_cta title=&#8220;Za\u017eij X5 M na vlastn\u00ed k\u016f\u017ei&#8220; button_url=&#8220;https:\/\/depocarsandcoffee.cz\/pujcovna-aut\/rezervace-pronajmu-vozu\/&#8220; button_text=&#8220;Chci rezervovat&#8220; _builder_version=&#8220;4.23.4&#8243; _module_preset=&#8220;default&#8220; header_font=&#8220;|700|||||||&#8220; width=&#8220;500px&#8220; width_tablet=&#8220;500px&#8220; width_phone=&#8220;98%&#8220; width_last_edited=&#8220;on|phone&#8220; max_width=&#8220;450px&#8220; module_alignment=&#8220;center&#8220; link_option_url=&#8220;https:\/\/depocarsandcoffee.cz\/pujcovna-aut\/rezervace-pronajmu-vozu\/&#8220; scroll_scaling_enable=&#8220;on&#8220; hover_enabled=&#8220;0&#8243; border_radii=&#8220;on|20px|20px|20px|20px&#8220; box_shadow_style=&#8220;preset1&#8243; box_shadow_color=&#8220;rgba(38,38,253,0.27)&#8220; global_colors_info=&#8220;{}&#8220; theme_builder_area=&#8220;post_content&#8220; sticky_enabled=&#8220;0&#8243;]<\/p>\n<p>Vypl\u0148 kr\u00e1tk\u00fd formul\u00e1\u0159 a zajisti si term\u00edn. Rezervace je nez\u00e1vazn\u00e1 a zabere jen minutu.<\/p>\n<p>[\/et_pb_cta][\/et_pb_column][\/et_pb_row][et_pb_row module_id=&#8220;podminky&#8220; _builder_version=&#8220;4.23.4&#8243; _module_preset=&#8220;default&#8220; global_colors_info=&#8220;{}&#8220; theme_builder_area=&#8220;post_content&#8220;][et_pb_column type=&#8220;4_4&#8243; _builder_version=&#8220;4.23.4&#8243; _module_preset=&#8220;default&#8220; global_colors_info=&#8220;{}&#8220; theme_builder_area=&#8220;post_content&#8220;][et_pb_text module_class=&#8220;pricing-block&#8220; _builder_version=&#8220;4.23.4&#8243; _module_preset=&#8220;default&#8220; header_3_font=&#8220;|700|||||||&#8220; header_3_text_color=&#8220;#141487&#8243; hover_enabled=&#8220;0&#8243; border_color_all=&#8220;RGBA(255,255,255,0)&#8220; global_colors_info=&#8220;{}&#8220; theme_builder_area=&#8220;post_content&#8220; sticky_enabled=&#8220;0&#8243;]<\/p>\n<div class=\"rental-pricing\">\n<h3 class=\"pricing-title\">Ceny a limity pron\u00e1jmu<\/h3>\n<div class=\"pricing-table-wrap\">\n<table class=\"pricing-table\">\n<thead>\n<tr>\n<th style=\"width: 74.0938px;\">Varianta<\/th>\n<th style=\"width: 82.9609px;\">Cena<\/th>\n<th style=\"width: 84.5156px;\">V cen\u011b km<\/th>\n<\/tr>\n<\/thead>\n<tbody>\n<tr>\n<td style=\"width: 74.0938px;\">V\u00edkend<\/td>\n<td style=\"width: 82.9609px;\"><strong>30 000 K\u010d<\/strong><\/td>\n<td style=\"width: 84.5156px;\">600 km<\/td>\n<\/tr>\n<\/tbody>\n<\/table>\n<\/div>\n<div class=\"pricing-note\">Ka\u017ed\u00fd km nav\u00edc: <strong>35 K\u010d<\/strong> \u00b7 Minim\u00e1ln\u00ed v\u011bk \u0159idi\u010de: <strong>20 let<\/strong><\/div>\n<\/div>\n<p>[\/et_pb_text][\/et_pb_column][\/et_pb_row][et_pb_row column_structure=&#8220;1_2,1_2&#8243; module_id=&#8220;podminky&#8220; _builder_version=&#8220;4.23.4&#8243; _module_preset=&#8220;default&#8220; global_colors_info=&#8220;{}&#8220; theme_builder_area=&#8220;post_content&#8220;][et_pb_column type=&#8220;1_2&#8243; _builder_version=&#8220;4.23.4&#8243; _module_preset=&#8220;default&#8220; global_colors_info=&#8220;{}&#8220; theme_builder_area=&#8220;post_content&#8220;][et_pb_text _builder_version=&#8220;4.23.4&#8243; _module_preset=&#8220;default&#8220; text_font=&#8220;||||||||&#8220; header_font=&#8220;||||||||&#8220; header_2_font=&#8220;|700|||||||&#8220; header_2_text_color=&#8220;#141487&#8243; header_2_font_size=&#8220;22px&#8220; global_colors_info=&#8220;{}&#8220; theme_builder_area=&#8220;post_content&#8220;]<\/p>\n<h2>Z\u00e1kladn\u00ed podm\u00ednky (placeholder)<\/h2>\n<ul>\n<li>Minim\u00e1ln\u00ed v\u011bk \u0159idi\u010de: 20 let<\/li>\n<li>Platn\u00fd \u0159idi\u010dsk\u00fd pr\u016fkaz skupiny B<\/li>\n<li>Vratn\u00e1 kauce dle typu vozu<\/li>\n<li>Vozidlo se p\u0159ed\u00e1v\u00e1 s plnou n\u00e1dr\u017e\u00ed a vrac\u00ed se s plnou<\/li>\n<li>Mo\u017enost individu\u00e1ln\u00edho nastaven\u00ed pron\u00e1jmu po domluv\u011b<\/li>\n<li>P\u0159i p\u0159ed\u00e1n\u00ed vozu je seps\u00e1n p\u0159ed\u00e1vac\u00ed protokol<\/li>\n<\/ul>\n<p>[\/et_pb_text][\/et_pb_column][et_pb_column type=&#8220;1_2&#8243; _builder_version=&#8220;4.23.4&#8243; _module_preset=&#8220;default&#8220; global_colors_info=&#8220;{}&#8220; theme_builder_area=&#8220;post_content&#8220;][et_pb_text _builder_version=&#8220;4.23.4&#8243; _module_preset=&#8220;default&#8220; text_font=&#8220;||||||||&#8220; header_font=&#8220;||||||||&#8220; header_2_font=&#8220;|700|||||||&#8220; header_2_text_color=&#8220;#141487&#8243; header_2_font_size=&#8220;22px&#8220; global_colors_info=&#8220;{}&#8220; theme_builder_area=&#8220;post_content&#8220;]<\/p>\n<h2>Jak prob\u00edh\u00e1 rezervace<\/h2>\n<ol>\n<li>Vypl\u0148te nez\u00e1vazn\u00fd rezerva\u010dn\u00ed formul\u00e1\u0159<\/li>\n<li>Potvrd\u00edme dostupnost vozu<\/li>\n<li>Za\u0161leme v\u00e1m detailn\u00ed instrukce a podklady k platb\u011b<\/li>\n<li>Po potvrzen\u00ed rezervace je v\u016fz blokov\u00e1n pro v\u00e1\u0161 term\u00edn<\/li>\n<\/ol>\n<p>[\/et_pb_text][et_pb_code _builder_version=&#8220;4.23.4&#8243; _module_preset=&#8220;default&#8220; global_colors_info=&#8220;{}&#8220; theme_builder_area=&#8220;post_content&#8220;]<script><!-- [et_pb_line_break_holder] -->document.addEventListener(\"click\", function (e) {<!-- [et_pb_line_break_holder] -->  const btn = e.target.closest(\".car-gallery-arrow\");<!-- [et_pb_line_break_holder] -->  if (!btn) return;<!-- [et_pb_line_break_holder] --><!-- [et_pb_line_break_holder] -->  const wrap = btn.closest(\".car-gallery-wrap\");<!-- [et_pb_line_break_holder] -->  if (!wrap) return;<!-- [et_pb_line_break_holder] --><!-- [et_pb_line_break_holder] -->  const scroller = wrap.querySelector(\".car-gallery-strip .et_pb_gallery_items\");<!-- [et_pb_line_break_holder] -->  if (!scroller) return;<!-- [et_pb_line_break_holder] --><!-- [et_pb_line_break_holder] -->  \/\/ Scroll by ~1.5 thumbnails per click<!-- [et_pb_line_break_holder] -->  const step = Math.max(260, scroller.clientWidth * 0.5);<!-- [et_pb_line_break_holder] -->  const dir = Number(btn.getAttribute(\"data-dir\")) || 1;<!-- [et_pb_line_break_holder] --><!-- [et_pb_line_break_holder] -->  scroller.scrollBy({ left: dir * step, behavior: \"smooth\" });<!-- [et_pb_line_break_holder] -->});<!-- [et_pb_line_break_holder] --><!-- [et_pb_line_break_holder] --><!-- [et_pb_line_break_holder] -->document.addEventListener(\"DOMContentLoaded\", () => {<!-- [et_pb_line_break_holder] -->  const gallery = document.querySelector(\".car-gallery-strip\");<!-- [et_pb_line_break_holder] -->  const left = document.querySelector(\".car-gallery-arrow.left\");<!-- [et_pb_line_break_holder] -->  const right = document.querySelector(\".car-gallery-arrow.right\");<!-- [et_pb_line_break_holder] -->  if (gallery && left && right) gallery.append(left, right);<!-- [et_pb_line_break_holder] -->});<!-- [et_pb_line_break_holder] -->  <!-- [et_pb_line_break_holder] -->  <\/script>[\/et_pb_code][\/et_pb_column][\/et_pb_row][\/et_pb_section]<\/p>\n","protected":false},"excerpt":{"rendered":"<p>BMW X5 M Competition F95AUTO 4&#215;4 460 kW 750 Nm5 M\u00cdSTP\u016fj\u010d si na\u0161i BMW X5 M Competition v maxim\u00e1ln\u00ed mo\u017en\u00e9 v\u00fdbav\u011b na v\u00edkend a zjisti, jak jezd\u00ed jedno z nejv\u00fdkon\u011bj\u0161\u00edch rodinn\u00fdch SUV na trhu.Cen\u00edk pron\u00e1jmu V\u00edkend30 000 K\u010d Vratn\u00e1 kauce 40 000 K\u010d, pln\u00e9 zn\u011bn\u00ed podm\u00ednek zde P\u016fj\u010d si na\u0161i BMW X5 M Competition F95 [&hellip;]<\/p>\n","protected":false},"author":1,"featured_media":0,"parent":241943,"menu_order":0,"comment_status":"closed","ping_status":"closed","template":"","meta":{"_et_pb_use_builder":"on","_et_pb_old_content":"","_et_gb_content_width":"","footnotes":""},"class_list":["post-244828","page","type-page","status-publish","hentry"],"yoast_head":"<!-- This site is optimized with the Yoast SEO plugin v27.0 - https:\/\/yoast.com\/product\/yoast-seo-wordpress\/ -->\n<title>BMW X5 M Competition - DEPO Cars &amp; Coffee<\/title>\n<meta name=\"robots\" content=\"index, follow, max-snippet:-1, max-image-preview:large, max-video-preview:-1\" \/>\n<link rel=\"canonical\" href=\"https:\/\/depocarsandcoffee.cz\/en\/pujcovna-aut\/bmw-x5-m-competition\/\" \/>\n<meta property=\"og:locale\" content=\"en_US\" \/>\n<meta property=\"og:type\" content=\"article\" \/>\n<meta property=\"og:title\" content=\"BMW X5 M Competition - DEPO Cars &amp; Coffee\" \/>\n<meta property=\"og:description\" content=\"BMW X5 M Competition F95AUTO 4x4 460 kW 750 Nm5 M\u00cdSTP\u016fj\u010d si na\u0161i BMW X5 M Competition v maxim\u00e1ln\u00ed mo\u017en\u00e9 v\u00fdbav\u011b na v\u00edkend a zjisti, jak jezd\u00ed jedno z nejv\u00fdkon\u011bj\u0161\u00edch rodinn\u00fdch SUV na trhu.Cen\u00edk pron\u00e1jmu V\u00edkend30 000 K\u010d Vratn\u00e1 kauce 40 000 K\u010d, pln\u00e9 zn\u011bn\u00ed podm\u00ednek zde P\u016fj\u010d si na\u0161i BMW X5 M Competition F95 [&hellip;]\" \/>\n<meta property=\"og:url\" content=\"https:\/\/depocarsandcoffee.cz\/en\/pujcovna-aut\/bmw-x5-m-competition\/\" \/>\n<meta property=\"og:site_name\" content=\"DEPO Cars &amp; Coffee\" \/>\n<meta property=\"article:modified_time\" content=\"2026-03-31T07:50:18+00:00\" \/>\n<meta name=\"twitter:card\" content=\"summary_large_image\" \/>\n<script type=\"application\/ld+json\" class=\"yoast-schema-graph\">{\"@context\":\"https:\/\/schema.org\",\"@graph\":[{\"@type\":\"WebPage\",\"@id\":\"https:\/\/depocarsandcoffee.cz\/pujcovna-aut\/bmw-x5-m-competition\/\",\"url\":\"https:\/\/depocarsandcoffee.cz\/pujcovna-aut\/bmw-x5-m-competition\/\",\"name\":\"BMW X5 M Competition - DEPO Cars &amp; Coffee\",\"isPartOf\":{\"@id\":\"https:\/\/depocarsandcoffee.cz\/#website\"},\"datePublished\":\"2026-03-31T07:13:21+00:00\",\"dateModified\":\"2026-03-31T07:50:18+00:00\",\"breadcrumb\":{\"@id\":\"https:\/\/depocarsandcoffee.cz\/pujcovna-aut\/bmw-x5-m-competition\/#breadcrumb\"},\"inLanguage\":\"en-US\",\"potentialAction\":[{\"@type\":\"ReadAction\",\"target\":[\"https:\/\/depocarsandcoffee.cz\/pujcovna-aut\/bmw-x5-m-competition\/\"]}]},{\"@type\":\"BreadcrumbList\",\"@id\":\"https:\/\/depocarsandcoffee.cz\/pujcovna-aut\/bmw-x5-m-competition\/#breadcrumb\",\"itemListElement\":[{\"@type\":\"ListItem\",\"position\":1,\"name\":\"Home\",\"item\":\"https:\/\/depocarsandcoffee.cz\/\"},{\"@type\":\"ListItem\",\"position\":2,\"name\":\"P\u016fj\u010dovna Aut\",\"item\":\"https:\/\/depocarsandcoffee.cz\/pujcovna-aut\/\"},{\"@type\":\"ListItem\",\"position\":3,\"name\":\"BMW X5 M Competition\"}]},{\"@type\":\"WebSite\",\"@id\":\"https:\/\/depocarsandcoffee.cz\/#website\",\"url\":\"https:\/\/depocarsandcoffee.cz\/\",\"name\":\"DEPO Cars & Coffee\",\"description\":\"Your one stop for everything cars.\",\"publisher\":{\"@id\":\"https:\/\/depocarsandcoffee.cz\/#organization\"},\"potentialAction\":[{\"@type\":\"SearchAction\",\"target\":{\"@type\":\"EntryPoint\",\"urlTemplate\":\"https:\/\/depocarsandcoffee.cz\/?s={search_term_string}\"},\"query-input\":{\"@type\":\"PropertyValueSpecification\",\"valueRequired\":true,\"valueName\":\"search_term_string\"}}],\"inLanguage\":\"en-US\"},{\"@type\":\"Organization\",\"@id\":\"https:\/\/depocarsandcoffee.cz\/#organization\",\"name\":\"DEPO Cars & Coffee\",\"url\":\"https:\/\/depocarsandcoffee.cz\/\",\"logo\":{\"@type\":\"ImageObject\",\"inLanguage\":\"en-US\",\"@id\":\"https:\/\/depocarsandcoffee.cz\/#\/schema\/logo\/image\/\",\"url\":\"https:\/\/depocarsandcoffee.cz\/wp-content\/uploads\/2023\/01\/Primarni-logo@2x.png\",\"contentUrl\":\"https:\/\/depocarsandcoffee.cz\/wp-content\/uploads\/2023\/01\/Primarni-logo@2x.png\",\"width\":409,\"height\":409,\"caption\":\"DEPO Cars & Coffee\"},\"image\":{\"@id\":\"https:\/\/depocarsandcoffee.cz\/#\/schema\/logo\/image\/\"},\"sameAs\":[\"http:\/\/instagram.com\/depocarscoffee\",\"https:\/\/www.youtube.com\/channel\/UC21C7JYLMp2jwrSVcU3cbPg\"]}]}<\/script>\n<!-- \/ Yoast SEO plugin. -->","yoast_head_json":{"title":"BMW X5 M Competition - DEPO Cars &amp; Coffee","robots":{"index":"index","follow":"follow","max-snippet":"max-snippet:-1","max-image-preview":"max-image-preview:large","max-video-preview":"max-video-preview:-1"},"canonical":"https:\/\/depocarsandcoffee.cz\/en\/pujcovna-aut\/bmw-x5-m-competition\/","og_locale":"en_US","og_type":"article","og_title":"BMW X5 M Competition - DEPO Cars &amp; Coffee","og_description":"BMW X5 M Competition F95AUTO 4x4 460 kW 750 Nm5 M\u00cdSTP\u016fj\u010d si na\u0161i BMW X5 M Competition v maxim\u00e1ln\u00ed mo\u017en\u00e9 v\u00fdbav\u011b na v\u00edkend a zjisti, jak jezd\u00ed jedno z nejv\u00fdkon\u011bj\u0161\u00edch rodinn\u00fdch SUV na trhu.Cen\u00edk pron\u00e1jmu V\u00edkend30 000 K\u010d Vratn\u00e1 kauce 40 000 K\u010d, pln\u00e9 zn\u011bn\u00ed podm\u00ednek zde P\u016fj\u010d si na\u0161i BMW X5 M Competition F95 [&hellip;]","og_url":"https:\/\/depocarsandcoffee.cz\/en\/pujcovna-aut\/bmw-x5-m-competition\/","og_site_name":"DEPO Cars &amp; Coffee","article_modified_time":"2026-03-31T07:50:18+00:00","twitter_card":"summary_large_image","schema":{"@context":"https:\/\/schema.org","@graph":[{"@type":"WebPage","@id":"https:\/\/depocarsandcoffee.cz\/pujcovna-aut\/bmw-x5-m-competition\/","url":"https:\/\/depocarsandcoffee.cz\/pujcovna-aut\/bmw-x5-m-competition\/","name":"BMW X5 M Competition - DEPO Cars &amp; Coffee","isPartOf":{"@id":"https:\/\/depocarsandcoffee.cz\/#website"},"datePublished":"2026-03-31T07:13:21+00:00","dateModified":"2026-03-31T07:50:18+00:00","breadcrumb":{"@id":"https:\/\/depocarsandcoffee.cz\/pujcovna-aut\/bmw-x5-m-competition\/#breadcrumb"},"inLanguage":"en-US","potentialAction":[{"@type":"ReadAction","target":["https:\/\/depocarsandcoffee.cz\/pujcovna-aut\/bmw-x5-m-competition\/"]}]},{"@type":"BreadcrumbList","@id":"https:\/\/depocarsandcoffee.cz\/pujcovna-aut\/bmw-x5-m-competition\/#breadcrumb","itemListElement":[{"@type":"ListItem","position":1,"name":"Home","item":"https:\/\/depocarsandcoffee.cz\/"},{"@type":"ListItem","position":2,"name":"P\u016fj\u010dovna Aut","item":"https:\/\/depocarsandcoffee.cz\/pujcovna-aut\/"},{"@type":"ListItem","position":3,"name":"BMW X5 M Competition"}]},{"@type":"WebSite","@id":"https:\/\/depocarsandcoffee.cz\/#website","url":"https:\/\/depocarsandcoffee.cz\/","name":"DEPO Cars & Coffee","description":"Your one stop for everything cars.","publisher":{"@id":"https:\/\/depocarsandcoffee.cz\/#organization"},"potentialAction":[{"@type":"SearchAction","target":{"@type":"EntryPoint","urlTemplate":"https:\/\/depocarsandcoffee.cz\/?s={search_term_string}"},"query-input":{"@type":"PropertyValueSpecification","valueRequired":true,"valueName":"search_term_string"}}],"inLanguage":"en-US"},{"@type":"Organization","@id":"https:\/\/depocarsandcoffee.cz\/#organization","name":"DEPO Cars & Coffee","url":"https:\/\/depocarsandcoffee.cz\/","logo":{"@type":"ImageObject","inLanguage":"en-US","@id":"https:\/\/depocarsandcoffee.cz\/#\/schema\/logo\/image\/","url":"https:\/\/depocarsandcoffee.cz\/wp-content\/uploads\/2023\/01\/Primarni-logo@2x.png","contentUrl":"https:\/\/depocarsandcoffee.cz\/wp-content\/uploads\/2023\/01\/Primarni-logo@2x.png","width":409,"height":409,"caption":"DEPO Cars & Coffee"},"image":{"@id":"https:\/\/depocarsandcoffee.cz\/#\/schema\/logo\/image\/"},"sameAs":["http:\/\/instagram.com\/depocarscoffee","https:\/\/www.youtube.com\/channel\/UC21C7JYLMp2jwrSVcU3cbPg"]}]}},"_links":{"self":[{"href":"https:\/\/depocarsandcoffee.cz\/en\/wp-json\/wp\/v2\/pages\/244828","targetHints":{"allow":["GET"]}}],"collection":[{"href":"https:\/\/depocarsandcoffee.cz\/en\/wp-json\/wp\/v2\/pages"}],"about":[{"href":"https:\/\/depocarsandcoffee.cz\/en\/wp-json\/wp\/v2\/types\/page"}],"author":[{"embeddable":true,"href":"https:\/\/depocarsandcoffee.cz\/en\/wp-json\/wp\/v2\/users\/1"}],"replies":[{"embeddable":true,"href":"https:\/\/depocarsandcoffee.cz\/en\/wp-json\/wp\/v2\/comments?post=244828"}],"version-history":[{"count":5,"href":"https:\/\/depocarsandcoffee.cz\/en\/wp-json\/wp\/v2\/pages\/244828\/revisions"}],"predecessor-version":[{"id":244852,"href":"https:\/\/depocarsandcoffee.cz\/en\/wp-json\/wp\/v2\/pages\/244828\/revisions\/244852"}],"up":[{"embeddable":true,"href":"https:\/\/depocarsandcoffee.cz\/en\/wp-json\/wp\/v2\/pages\/241943"}],"wp:attachment":[{"href":"https:\/\/depocarsandcoffee.cz\/en\/wp-json\/wp\/v2\/media?parent=244828"}],"curies":[{"name":"wp","href":"https:\/\/api.w.org\/{rel}","templated":true}]}}