{"id":244859,"date":"2026-04-01T18:37:54","date_gmt":"2026-04-01T18:37:54","guid":{"rendered":"https:\/\/depocarsandcoffee.cz\/?page_id=244859"},"modified":"2026-04-06T19:42:02","modified_gmt":"2026-04-06T19:42:02","slug":"toyota-gr86","status":"publish","type":"page","link":"https:\/\/depocarsandcoffee.cz\/en\/pujcovna-aut\/toyota-gr86\/","title":{"rendered":"Toyota GR86"},"content":{"rendered":"<p>[et_pb_section fb_built=&#8220;1&#8243; custom_padding_last_edited=&#8220;on|phone&#8220; _builder_version=&#8220;4.23.4&#8243; _module_preset=&#8220;default&#8220; custom_padding=&#8220;||||false|false&#8220; custom_padding_tablet=&#8220;23vh||||false|false&#8220; custom_padding_phone=&#8220;0vh||||false|false&#8220; locked=&#8220;off&#8220; global_colors_info=&#8220;{}&#8220;][\/et_pb_section][et_pb_section fb_built=&#8220;1&#8243; _builder_version=&#8220;4.23.4&#8243; _module_preset=&#8220;default&#8220; global_colors_info=&#8220;{}&#8220;][et_pb_row column_structure=&#8220;3_5,2_5&#8243; _builder_version=&#8220;4.23.4&#8243; _module_preset=&#8220;default&#8220; global_colors_info=&#8220;{}&#8220;][et_pb_column type=&#8220;3_5&#8243; module_class=&#8220;car-gallery-wrap&#8220; _builder_version=&#8220;4.23.4&#8243; _module_preset=&#8220;default&#8220; global_colors_info=&#8220;{}&#8220;][et_pb_image src=&#8220;https:\/\/depocarsandcoffee.cz\/wp-content\/uploads\/2026\/04\/DSCF2642-2.jpg&#8220; title_text=&#8220;DSCF2642 2&#8243; module_class=&#8220;car-hero&#8220; _builder_version=&#8220;4.23.4&#8243; _module_preset=&#8220;default&#8220; global_colors_info=&#8220;{}&#8220;][\/et_pb_image][et_pb_code _builder_version=&#8220;4.23.4&#8243; _module_preset=&#8220;default&#8220; global_colors_info=&#8220;{}&#8220;]<\/p>\n<div class=\"car-gallery-arrow left\" data-dir=\"-1\" aria-label=\"P\u0159edchoz\u00ed fotky\">\u2039<\/div>\n<p><!-- [et_pb_line_break_holder] --><\/p>\n<div class=\"car-gallery-arrow right\" data-dir=\"1\" aria-label=\"Dal\u0161\u00ed fotky\">\u203a<\/div>\n<p>[\/et_pb_code][et_pb_gallery gallery_ids=&#8220;244884,244885,244886,244887,244888,244889,244890,244891,244892&#8243; posts_number=&#8220;10&#8243; show_title_and_caption=&#8220;off&#8220; show_pagination=&#8220;off&#8220; module_class=&#8220;car-gallery-strip&#8220; _builder_version=&#8220;4.23.4&#8243; _module_preset=&#8220;default&#8220; global_colors_info=&#8220;{}&#8220; border_color_all_image__hover_enabled=&#8220;on|hover&#8220; border_color_all_image__hover=&#8220;RGBA(255,255,255,0)&#8220;][\/et_pb_gallery][\/et_pb_column][et_pb_column type=&#8220;2_5&#8243; _builder_version=&#8220;4.23.4&#8243; _module_preset=&#8220;default&#8220; global_colors_info=&#8220;{}&#8220;][et_pb_text _builder_version=&#8220;4.23.4&#8243; _module_preset=&#8220;default&#8220; text_font=&#8220;||||||||&#8220; text_line_height=&#8220;1.8em&#8220; header_4_font=&#8220;|700|||||||&#8220; header_4_text_color=&#8220;#141487&#8243; header_6_font=&#8220;|800|||||||&#8220; header_6_font_size=&#8220;45px&#8220; header_6_letter_spacing=&#8220;1px&#8220; global_colors_info=&#8220;{}&#8220;]<\/p>\n<h6><strong>Toyota GR86<\/strong><\/h6>\n<p>[\/et_pb_text][et_pb_text _builder_version=&#8220;4.23.4&#8243; _module_preset=&#8220;default&#8220; global_colors_info=&#8220;{}&#8220;]<\/p>\n<p><span class=\"car-chip\">AUTO<\/span>\u00a0<span class=\"car-chip\">172 kW<\/span> <span class=\"car-chip\">250 Nm<\/span><span class=\"car-chip\">2+2 M\u00cdST<\/span><\/p>\n<p>[\/et_pb_text][et_pb_text _builder_version=&#8220;4.23.4&#8243; _module_preset=&#8220;default&#8220; global_colors_info=&#8220;{}&#8220;]Skv\u011bl\u00e1 \u0159idi\u010dsk\u00e1 z\u00e1bava za super pen\u00edze?<br \/>\nP\u016fj\u010d si na\u0161i Toyotu GR86 na den, 5 dn\u00ed nebo klidn\u011b cel\u00fd m\u011bs\u00edc![\/et_pb_text][et_pb_text _builder_version=&#8220;4.23.4&#8243; _module_preset=&#8220;default&#8220; text_font=&#8220;|300|||||||&#8220; text_font_size=&#8220;13px&#8220; header_4_font=&#8220;|700|||||||&#8220; header_6_font=&#8220;|||on|||||&#8220; custom_margin=&#8220;||-1px||false|false&#8220; custom_padding=&#8220;||||false|false&#8220; hover_enabled=&#8220;0&#8243; global_colors_info=&#8220;{}&#8220; sticky_enabled=&#8220;0&#8243;]<\/p>\n<h4>Cen\u00edk pron\u00e1jmu<\/h4>\n<ul class=\"rental-pricing\">\n<li><strong>24 hodin<\/strong><span>4 000 K\u010d<\/span><\/li>\n<li><strong>V\u00edkend<\/strong><span>8\u00a0 000 K\u010d<\/span><\/li>\n<li><strong>Cel\u00fd t\u00fdden<\/strong><span>17 000 K\u010d<\/span><\/li>\n<li><strong>Cel\u00fd m\u011bs\u00edc<\/strong><span>40 000 K\u010d<\/span><\/li>\n<\/ul>\n<p><span>Vratn\u00e1 kauce 20 000 K\u010d, pln\u00e9 zn\u011bn\u00ed podm\u00ednek <a href=\"#podminky\" class=\"terms-link\">zde<\/a><\/span><\/p>\n<ul class=\"rental-mileage\"><\/ul>\n<p>[\/et_pb_text][et_pb_button button_url=&#8220;https:\/\/depocarsandcoffee.cz\/pujcovna-aut\/rezervace-pronajmu-vozu\/&#8220; button_text=&#8220;Popt\u00e1vka rezervace&#8220; _builder_version=&#8220;4.23.4&#8243; _module_preset=&#8220;default&#8220; custom_button=&#8220;on&#8220; button_icon=&#8220;&#x24;||divi||400&#8243; button_on_hover=&#8220;off&#8220; global_colors_info=&#8220;{}&#8220;][\/et_pb_button][\/et_pb_column][\/et_pb_row][\/et_pb_section][et_pb_section fb_built=&#8220;1&#8243; _builder_version=&#8220;4.23.4&#8243; _module_preset=&#8220;default&#8220; custom_padding=&#8220;0px||||false|false&#8220; global_colors_info=&#8220;{}&#8220;][et_pb_row _builder_version=&#8220;4.23.4&#8243; _module_preset=&#8220;default&#8220; global_colors_info=&#8220;{}&#8220;][et_pb_column type=&#8220;4_4&#8243; _builder_version=&#8220;4.23.4&#8243; _module_preset=&#8220;default&#8220; global_colors_info=&#8220;{}&#8220;][et_pb_text _builder_version=&#8220;4.23.4&#8243; _module_preset=&#8220;default&#8220; global_colors_info=&#8220;{}&#8220;]<\/p>\n<p><span>Skv\u011bl\u00e1 \u0159idi\u010dsk\u00e1 z\u00e1bava za super pen\u00edze? <\/span><span>P\u016fj\u010d si na\u0161i Toyotu GR86 na den, 5 dn\u00ed nebo klidn\u011b cel\u00fd m\u011bs\u00edc!<\/span> Doporu\u010d\u00edme ty nejlep\u0161\u00ed silnice jako d\u011blan\u00e9 pr\u00e1v\u011b pro tuto lehkou zadokolku, vysv\u011btl\u00edme, jak ji spr\u00e1vn\u011b \u0159\u00eddit a u\u017e\u00edt si ji naplno.<\/p>\n<p>Pokud chce\u0161 sv\u00e9 \u0159idi\u010dsk\u00e9 dovednosti posunout na dal\u0161\u00ed level, m\u016f\u017ee\u0161 pron\u00e1jem spojit s lekc\u00ed sportovn\u00edho \u0159\u00edzen\u00ed, a to klidn\u011b i na z\u00e1vodn\u00edm okruhu. Pro individu\u00e1ln\u00ed popt\u00e1vky n\u00e1s kontaktuj a v\u0161e ti r\u00e1di vysv\u011btl\u00edme.<\/p>\n<p><b>Pro\u010d Toyota GR86?<\/b><\/p>\n<p>GR86 vyvinut\u00e1 t\u00fdmem TOYOTA GAZOO Racing je evoluc\u00ed \u00fasp\u011b\u0161n\u00e9ho sportovn\u00edho kup\u00e9 GT86. Novinka nav\u00edc <strong>p\u0159in\u00e1\u0161\u00ed v\u00fdrazn\u00e9 zv\u00fd\u0161en\u00ed v\u00fdkonu a to\u010div\u00e9ho momentu z\u00e1sluhou atmosf\u00e9ricky pln\u011bn\u00e9ho motoru \u201eboxer\u201c s objemem 2,4 litru<\/strong>. Sou\u010dasn\u011b s nov\u00fdm motorem byla slad\u011bna \u0161estistup\u0148ov\u00e1 manu\u00e1ln\u00ed p\u0159evodovka s rychlej\u0161\u00edm a plynulej\u0161\u00edm chodem \u0159adic\u00ed p\u00e1ky. Vylep\u0161en\u00edm pro\u0161el tak\u00e9 podvozek, kter\u00fd mohl b\u00fdt d\u00edky v\u00fdrazn\u011b tu\u017e\u0161\u00ed karoserii nalad\u011bn mnohem m\u011bk\u010deji. GR86 tak perfektn\u011b funguje i na n\u00e1ro\u010dn\u00e9m asfaltu typick\u00e9m pro \u010desk\u00e9 okresky.<\/p>\n<p>P\u0159es v\u0161echna technick\u00e1 vylep\u0161en\u00ed a bohat\u0161\u00ed v\u00fdbavu se hmotnost udr\u017eela pod hranic\u00ed 1,3\u00a0tuny. To nap\u0159\u00edklad i d\u00edky pou\u017eit\u00ed hlin\u00edkov\u00fdch panel\u016f karoserie. Mnohem d\u016fle\u017eit\u011bj\u0161\u00ed ne\u017e technick\u00e9 parametry je v\u0161ak samotn\u00e1 j\u00edzda. Takto jedine\u010dn\u00fd analogov\u00fd \u0159idi\u010dsk\u00fd z\u00e1\u017eitek v\u00a0sou\u010dasn\u00fdch modern\u00edch autech jinde nenajdete!<\/p>\n<p><strong>Technick\u00e9 parametry:<\/strong><\/p>\n<p>V\u00fdkon: 172 kW, 250 Nm<br \/>Hmotnost: 1\u00a0275 kg<br \/>P\u0159evodovka: manu\u00e1ln\u00ed<br \/>Pohon: kola zadn\u00ed n\u00e1pravy<br \/>Po\u010det sedadel: 2+2<\/p>\n<p>[\/et_pb_text][\/et_pb_column][\/et_pb_row][et_pb_row _builder_version=&#8220;4.23.4&#8243; _module_preset=&#8220;default&#8220; global_colors_info=&#8220;{}&#8220;][et_pb_column type=&#8220;4_4&#8243; _builder_version=&#8220;4.23.4&#8243; _module_preset=&#8220;default&#8220; global_colors_info=&#8220;{}&#8220;][et_pb_cta title=&#8220;Za\u017eij GR86 na vlastn\u00ed k\u016f\u017ei&#8220; button_url=&#8220;https:\/\/depocarsandcoffee.cz\/pujcovna-aut\/rezervace-pronajmu-vozu\/&#8220; button_text=&#8220;Chci rezervovat&#8220; _builder_version=&#8220;4.23.4&#8243; _module_preset=&#8220;default&#8220; header_font=&#8220;|700|||||||&#8220; width=&#8220;500px&#8220; width_tablet=&#8220;500px&#8220; width_phone=&#8220;98%&#8220; width_last_edited=&#8220;on|phone&#8220; max_width=&#8220;450px&#8220; module_alignment=&#8220;center&#8220; link_option_url=&#8220;https:\/\/depocarsandcoffee.cz\/pujcovna-aut\/rezervace-pronajmu-vozu\/&#8220; scroll_scaling_enable=&#8220;on&#8220; border_radii=&#8220;on|20px|20px|20px|20px&#8220; box_shadow_style=&#8220;preset1&#8243; box_shadow_color=&#8220;rgba(38,38,253,0.27)&#8220; global_colors_info=&#8220;{}&#8220;]<\/p>\n<p>Vypl\u0148 kr\u00e1tk\u00fd formul\u00e1\u0159 a zajisti si term\u00edn. Rezervace je nez\u00e1vazn\u00e1 a zabere jen minutu.<\/p>\n<p>[\/et_pb_cta][\/et_pb_column][\/et_pb_row][et_pb_row module_id=&#8220;podminky&#8220; _builder_version=&#8220;4.23.4&#8243; _module_preset=&#8220;default&#8220; global_colors_info=&#8220;{}&#8220;][et_pb_column type=&#8220;4_4&#8243; _builder_version=&#8220;4.23.4&#8243; _module_preset=&#8220;default&#8220; global_colors_info=&#8220;{}&#8220;][et_pb_text module_class=&#8220;pricing-block&#8220; _builder_version=&#8220;4.23.4&#8243; _module_preset=&#8220;default&#8220; header_3_font=&#8220;|700|||||||&#8220; header_3_text_color=&#8220;#141487&#8243; hover_enabled=&#8220;0&#8243; border_color_all=&#8220;RGBA(255,255,255,0)&#8220; global_colors_info=&#8220;{}&#8220; sticky_enabled=&#8220;0&#8243;]<\/p>\n<div class=\"rental-pricing\">\n<h3 class=\"pricing-title\">Ceny a limity pron\u00e1jmu<\/h3>\n<div class=\"pricing-table-wrap\">\n<table class=\"pricing-table\">\n<thead>\n<tr>\n<th>Varianta<\/th>\n<th>Cena<\/th>\n<th>V cen\u011b km<\/th>\n<\/tr>\n<\/thead>\n<tbody>\n<tr>\n<td>24 hodin<\/td>\n<td><strong>4 000 K\u010d<\/strong><\/td>\n<td>200 km<\/td>\n<\/tr>\n<tr>\n<td>V\u00edkend<\/td>\n<td><strong>8 000 K\u010d<\/strong><\/td>\n<td>400 km<\/td>\n<\/tr>\n<tr>\n<td>Cel\u00fd t\u00fdden<\/td>\n<td><strong>17\u00a0 000 K\u010d<\/strong><\/td>\n<td>1 500 km<\/td>\n<\/tr>\n<tr>\n<td>Cel\u00fd m\u011bs\u00edc<\/td>\n<td><strong>40 000 K\u010d<\/strong><\/td>\n<td>3 000 km<\/td>\n<\/tr>\n<\/tbody>\n<\/table>\n<\/div>\n<div class=\"pricing-note\">Ka\u017ed\u00fd km nav\u00edc: <strong>35 K\u010d<\/strong> \u00b7 Minim\u00e1ln\u00ed v\u011bk \u0159idi\u010de: <strong>20 let<\/strong><\/div>\n<\/div>\n<p>[\/et_pb_text][\/et_pb_column][\/et_pb_row][et_pb_row column_structure=&#8220;1_2,1_2&#8243; module_id=&#8220;podminky&#8220; _builder_version=&#8220;4.23.4&#8243; _module_preset=&#8220;default&#8220; global_colors_info=&#8220;{}&#8220;][et_pb_column type=&#8220;1_2&#8243; _builder_version=&#8220;4.23.4&#8243; _module_preset=&#8220;default&#8220; global_colors_info=&#8220;{}&#8220;][et_pb_text _builder_version=&#8220;4.23.4&#8243; _module_preset=&#8220;default&#8220; text_font=&#8220;||||||||&#8220; header_font=&#8220;||||||||&#8220; header_2_font=&#8220;|700|||||||&#8220; header_2_text_color=&#8220;#141487&#8243; header_2_font_size=&#8220;22px&#8220; global_colors_info=&#8220;{}&#8220;]<\/p>\n<h2>Z\u00e1kladn\u00ed podm\u00ednky (placeholder)<\/h2>\n<ul>\n<li>Minim\u00e1ln\u00ed v\u011bk \u0159idi\u010de: 20 let<\/li>\n<li>Platn\u00fd \u0159idi\u010dsk\u00fd pr\u016fkaz skupiny B<\/li>\n<li>Vratn\u00e1 kauce dle typu vozu<\/li>\n<li>Vozidlo se p\u0159ed\u00e1v\u00e1 s plnou n\u00e1dr\u017e\u00ed a vrac\u00ed se s plnou<\/li>\n<li>Mo\u017enost individu\u00e1ln\u00edho nastaven\u00ed pron\u00e1jmu po domluv\u011b<\/li>\n<li>P\u0159i p\u0159ed\u00e1n\u00ed vozu je seps\u00e1n p\u0159ed\u00e1vac\u00ed protokol<\/li>\n<\/ul>\n<p>[\/et_pb_text][\/et_pb_column][et_pb_column type=&#8220;1_2&#8243; _builder_version=&#8220;4.23.4&#8243; _module_preset=&#8220;default&#8220; global_colors_info=&#8220;{}&#8220;][et_pb_text _builder_version=&#8220;4.23.4&#8243; _module_preset=&#8220;default&#8220; text_font=&#8220;||||||||&#8220; header_font=&#8220;||||||||&#8220; header_2_font=&#8220;|700|||||||&#8220; header_2_text_color=&#8220;#141487&#8243; header_2_font_size=&#8220;22px&#8220; global_colors_info=&#8220;{}&#8220;]<\/p>\n<h2>Jak prob\u00edh\u00e1 rezervace<\/h2>\n<ol>\n<li>Vypl\u0148te nez\u00e1vazn\u00fd rezerva\u010dn\u00ed formul\u00e1\u0159<\/li>\n<li>Potvrd\u00edme dostupnost vozu<\/li>\n<li>Za\u0161leme v\u00e1m detailn\u00ed instrukce a podklady k platb\u011b<\/li>\n<li>Po potvrzen\u00ed rezervace je v\u016fz blokov\u00e1n pro v\u00e1\u0161 term\u00edn<\/li>\n<\/ol>\n<p>[\/et_pb_text][et_pb_code _builder_version=&#8220;4.23.4&#8243; _module_preset=&#8220;default&#8220; global_colors_info=&#8220;{}&#8220;]<script><!-- [et_pb_line_break_holder] -->document.addEventListener(\"click\", function (e) {<!-- [et_pb_line_break_holder] -->  const btn = e.target.closest(\".car-gallery-arrow\");<!-- [et_pb_line_break_holder] -->  if (!btn) return;<!-- [et_pb_line_break_holder] --><!-- [et_pb_line_break_holder] -->  const wrap = btn.closest(\".car-gallery-wrap\");<!-- [et_pb_line_break_holder] -->  if (!wrap) return;<!-- [et_pb_line_break_holder] --><!-- [et_pb_line_break_holder] -->  const scroller = wrap.querySelector(\".car-gallery-strip .et_pb_gallery_items\");<!-- [et_pb_line_break_holder] -->  if (!scroller) return;<!-- [et_pb_line_break_holder] --><!-- [et_pb_line_break_holder] -->  \/\/ Scroll by ~1.5 thumbnails per click<!-- [et_pb_line_break_holder] -->  const step = Math.max(260, scroller.clientWidth * 0.5);<!-- [et_pb_line_break_holder] -->  const dir = Number(btn.getAttribute(\"data-dir\")) || 1;<!-- [et_pb_line_break_holder] --><!-- [et_pb_line_break_holder] -->  scroller.scrollBy({ left: dir * step, behavior: \"smooth\" });<!-- [et_pb_line_break_holder] -->});<!-- [et_pb_line_break_holder] --><!-- [et_pb_line_break_holder] --><!-- [et_pb_line_break_holder] -->document.addEventListener(\"DOMContentLoaded\", () => {<!-- [et_pb_line_break_holder] -->  const gallery = document.querySelector(\".car-gallery-strip\");<!-- [et_pb_line_break_holder] -->  const left = document.querySelector(\".car-gallery-arrow.left\");<!-- [et_pb_line_break_holder] -->  const right = document.querySelector(\".car-gallery-arrow.right\");<!-- [et_pb_line_break_holder] -->  if (gallery && left && right) gallery.append(left, right);<!-- [et_pb_line_break_holder] -->});<!-- [et_pb_line_break_holder] -->  <!-- [et_pb_line_break_holder] -->  <\/script>[\/et_pb_code][\/et_pb_column][\/et_pb_row][\/et_pb_section]<\/p>\n","protected":false},"excerpt":{"rendered":"<p>Toyota GR86AUTO\u00a0172 kW 250 Nm2+2 M\u00cdSTSkv\u011bl\u00e1 \u0159idi\u010dsk\u00e1 z\u00e1bava za super pen\u00edze? P\u016fj\u010d si na\u0161i Toyotu GR86 na den, 5 dn\u00ed nebo klidn\u011b cel\u00fd m\u011bs\u00edc!Cen\u00edk pron\u00e1jmu 24 hodin4 000 K\u010d V\u00edkend8\u00a0 000 K\u010d Cel\u00fd t\u00fdden17 000 K\u010d Cel\u00fd m\u011bs\u00edc40 000 K\u010d Vratn\u00e1 kauce 20 000 K\u010d, pln\u00e9 zn\u011bn\u00ed podm\u00ednek zde Skv\u011bl\u00e1 \u0159idi\u010dsk\u00e1 z\u00e1bava za super pen\u00edze? [&hellip;]<\/p>\n","protected":false},"author":1,"featured_media":0,"parent":241943,"menu_order":0,"comment_status":"closed","ping_status":"closed","template":"","meta":{"_et_pb_use_builder":"on","_et_pb_old_content":"","_et_gb_content_width":"","footnotes":""},"class_list":["post-244859","page","type-page","status-publish","hentry"],"yoast_head":"<!-- This site is optimized with the Yoast SEO plugin v27.0 - https:\/\/yoast.com\/product\/yoast-seo-wordpress\/ -->\n<title>Toyota GR86 - DEPO Cars &amp; Coffee<\/title>\n<meta name=\"robots\" content=\"index, follow, max-snippet:-1, max-image-preview:large, max-video-preview:-1\" \/>\n<link rel=\"canonical\" href=\"https:\/\/depocarsandcoffee.cz\/en\/pujcovna-aut\/toyota-gr86\/\" \/>\n<meta property=\"og:locale\" content=\"en_US\" \/>\n<meta property=\"og:type\" content=\"article\" \/>\n<meta property=\"og:title\" content=\"Toyota GR86 - DEPO Cars &amp; Coffee\" \/>\n<meta property=\"og:description\" content=\"Toyota GR86AUTO\u00a0172 kW 250 Nm2+2 M\u00cdSTSkv\u011bl\u00e1 \u0159idi\u010dsk\u00e1 z\u00e1bava za super pen\u00edze? P\u016fj\u010d si na\u0161i Toyotu GR86 na den, 5 dn\u00ed nebo klidn\u011b cel\u00fd m\u011bs\u00edc!Cen\u00edk pron\u00e1jmu 24 hodin4 000 K\u010d V\u00edkend8\u00a0 000 K\u010d Cel\u00fd t\u00fdden17 000 K\u010d Cel\u00fd m\u011bs\u00edc40 000 K\u010d Vratn\u00e1 kauce 20 000 K\u010d, pln\u00e9 zn\u011bn\u00ed podm\u00ednek zde Skv\u011bl\u00e1 \u0159idi\u010dsk\u00e1 z\u00e1bava za super pen\u00edze? [&hellip;]\" \/>\n<meta property=\"og:url\" content=\"https:\/\/depocarsandcoffee.cz\/en\/pujcovna-aut\/toyota-gr86\/\" \/>\n<meta property=\"og:site_name\" content=\"DEPO Cars &amp; Coffee\" \/>\n<meta property=\"article:modified_time\" content=\"2026-04-06T19:42:02+00:00\" \/>\n<meta name=\"twitter:card\" content=\"summary_large_image\" \/>\n<script type=\"application\/ld+json\" class=\"yoast-schema-graph\">{\"@context\":\"https:\/\/schema.org\",\"@graph\":[{\"@type\":\"WebPage\",\"@id\":\"https:\/\/depocarsandcoffee.cz\/pujcovna-aut\/toyota-gr86\/\",\"url\":\"https:\/\/depocarsandcoffee.cz\/pujcovna-aut\/toyota-gr86\/\",\"name\":\"Toyota GR86 - DEPO Cars &amp; Coffee\",\"isPartOf\":{\"@id\":\"https:\/\/depocarsandcoffee.cz\/#website\"},\"datePublished\":\"2026-04-01T18:37:54+00:00\",\"dateModified\":\"2026-04-06T19:42:02+00:00\",\"breadcrumb\":{\"@id\":\"https:\/\/depocarsandcoffee.cz\/pujcovna-aut\/toyota-gr86\/#breadcrumb\"},\"inLanguage\":\"en-US\",\"potentialAction\":[{\"@type\":\"ReadAction\",\"target\":[\"https:\/\/depocarsandcoffee.cz\/pujcovna-aut\/toyota-gr86\/\"]}]},{\"@type\":\"BreadcrumbList\",\"@id\":\"https:\/\/depocarsandcoffee.cz\/pujcovna-aut\/toyota-gr86\/#breadcrumb\",\"itemListElement\":[{\"@type\":\"ListItem\",\"position\":1,\"name\":\"Home\",\"item\":\"https:\/\/depocarsandcoffee.cz\/\"},{\"@type\":\"ListItem\",\"position\":2,\"name\":\"P\u016fj\u010dovna Aut\",\"item\":\"https:\/\/depocarsandcoffee.cz\/pujcovna-aut\/\"},{\"@type\":\"ListItem\",\"position\":3,\"name\":\"Toyota GR86\"}]},{\"@type\":\"WebSite\",\"@id\":\"https:\/\/depocarsandcoffee.cz\/#website\",\"url\":\"https:\/\/depocarsandcoffee.cz\/\",\"name\":\"DEPO Cars & Coffee\",\"description\":\"Your one stop for everything cars.\",\"publisher\":{\"@id\":\"https:\/\/depocarsandcoffee.cz\/#organization\"},\"potentialAction\":[{\"@type\":\"SearchAction\",\"target\":{\"@type\":\"EntryPoint\",\"urlTemplate\":\"https:\/\/depocarsandcoffee.cz\/?s={search_term_string}\"},\"query-input\":{\"@type\":\"PropertyValueSpecification\",\"valueRequired\":true,\"valueName\":\"search_term_string\"}}],\"inLanguage\":\"en-US\"},{\"@type\":\"Organization\",\"@id\":\"https:\/\/depocarsandcoffee.cz\/#organization\",\"name\":\"DEPO Cars & Coffee\",\"url\":\"https:\/\/depocarsandcoffee.cz\/\",\"logo\":{\"@type\":\"ImageObject\",\"inLanguage\":\"en-US\",\"@id\":\"https:\/\/depocarsandcoffee.cz\/#\/schema\/logo\/image\/\",\"url\":\"https:\/\/depocarsandcoffee.cz\/wp-content\/uploads\/2023\/01\/Primarni-logo@2x.png\",\"contentUrl\":\"https:\/\/depocarsandcoffee.cz\/wp-content\/uploads\/2023\/01\/Primarni-logo@2x.png\",\"width\":409,\"height\":409,\"caption\":\"DEPO Cars & Coffee\"},\"image\":{\"@id\":\"https:\/\/depocarsandcoffee.cz\/#\/schema\/logo\/image\/\"},\"sameAs\":[\"http:\/\/instagram.com\/depocarscoffee\",\"https:\/\/www.youtube.com\/channel\/UC21C7JYLMp2jwrSVcU3cbPg\"]}]}<\/script>\n<!-- \/ Yoast SEO plugin. -->","yoast_head_json":{"title":"Toyota GR86 - DEPO Cars &amp; Coffee","robots":{"index":"index","follow":"follow","max-snippet":"max-snippet:-1","max-image-preview":"max-image-preview:large","max-video-preview":"max-video-preview:-1"},"canonical":"https:\/\/depocarsandcoffee.cz\/en\/pujcovna-aut\/toyota-gr86\/","og_locale":"en_US","og_type":"article","og_title":"Toyota GR86 - DEPO Cars &amp; Coffee","og_description":"Toyota GR86AUTO\u00a0172 kW 250 Nm2+2 M\u00cdSTSkv\u011bl\u00e1 \u0159idi\u010dsk\u00e1 z\u00e1bava za super pen\u00edze? P\u016fj\u010d si na\u0161i Toyotu GR86 na den, 5 dn\u00ed nebo klidn\u011b cel\u00fd m\u011bs\u00edc!Cen\u00edk pron\u00e1jmu 24 hodin4 000 K\u010d V\u00edkend8\u00a0 000 K\u010d Cel\u00fd t\u00fdden17 000 K\u010d Cel\u00fd m\u011bs\u00edc40 000 K\u010d Vratn\u00e1 kauce 20 000 K\u010d, pln\u00e9 zn\u011bn\u00ed podm\u00ednek zde Skv\u011bl\u00e1 \u0159idi\u010dsk\u00e1 z\u00e1bava za super pen\u00edze? [&hellip;]","og_url":"https:\/\/depocarsandcoffee.cz\/en\/pujcovna-aut\/toyota-gr86\/","og_site_name":"DEPO Cars &amp; Coffee","article_modified_time":"2026-04-06T19:42:02+00:00","twitter_card":"summary_large_image","schema":{"@context":"https:\/\/schema.org","@graph":[{"@type":"WebPage","@id":"https:\/\/depocarsandcoffee.cz\/pujcovna-aut\/toyota-gr86\/","url":"https:\/\/depocarsandcoffee.cz\/pujcovna-aut\/toyota-gr86\/","name":"Toyota GR86 - DEPO Cars &amp; Coffee","isPartOf":{"@id":"https:\/\/depocarsandcoffee.cz\/#website"},"datePublished":"2026-04-01T18:37:54+00:00","dateModified":"2026-04-06T19:42:02+00:00","breadcrumb":{"@id":"https:\/\/depocarsandcoffee.cz\/pujcovna-aut\/toyota-gr86\/#breadcrumb"},"inLanguage":"en-US","potentialAction":[{"@type":"ReadAction","target":["https:\/\/depocarsandcoffee.cz\/pujcovna-aut\/toyota-gr86\/"]}]},{"@type":"BreadcrumbList","@id":"https:\/\/depocarsandcoffee.cz\/pujcovna-aut\/toyota-gr86\/#breadcrumb","itemListElement":[{"@type":"ListItem","position":1,"name":"Home","item":"https:\/\/depocarsandcoffee.cz\/"},{"@type":"ListItem","position":2,"name":"P\u016fj\u010dovna Aut","item":"https:\/\/depocarsandcoffee.cz\/pujcovna-aut\/"},{"@type":"ListItem","position":3,"name":"Toyota GR86"}]},{"@type":"WebSite","@id":"https:\/\/depocarsandcoffee.cz\/#website","url":"https:\/\/depocarsandcoffee.cz\/","name":"DEPO Cars & Coffee","description":"Your one stop for everything cars.","publisher":{"@id":"https:\/\/depocarsandcoffee.cz\/#organization"},"potentialAction":[{"@type":"SearchAction","target":{"@type":"EntryPoint","urlTemplate":"https:\/\/depocarsandcoffee.cz\/?s={search_term_string}"},"query-input":{"@type":"PropertyValueSpecification","valueRequired":true,"valueName":"search_term_string"}}],"inLanguage":"en-US"},{"@type":"Organization","@id":"https:\/\/depocarsandcoffee.cz\/#organization","name":"DEPO Cars & Coffee","url":"https:\/\/depocarsandcoffee.cz\/","logo":{"@type":"ImageObject","inLanguage":"en-US","@id":"https:\/\/depocarsandcoffee.cz\/#\/schema\/logo\/image\/","url":"https:\/\/depocarsandcoffee.cz\/wp-content\/uploads\/2023\/01\/Primarni-logo@2x.png","contentUrl":"https:\/\/depocarsandcoffee.cz\/wp-content\/uploads\/2023\/01\/Primarni-logo@2x.png","width":409,"height":409,"caption":"DEPO Cars & Coffee"},"image":{"@id":"https:\/\/depocarsandcoffee.cz\/#\/schema\/logo\/image\/"},"sameAs":["http:\/\/instagram.com\/depocarscoffee","https:\/\/www.youtube.com\/channel\/UC21C7JYLMp2jwrSVcU3cbPg"]}]}},"_links":{"self":[{"href":"https:\/\/depocarsandcoffee.cz\/en\/wp-json\/wp\/v2\/pages\/244859","targetHints":{"allow":["GET"]}}],"collection":[{"href":"https:\/\/depocarsandcoffee.cz\/en\/wp-json\/wp\/v2\/pages"}],"about":[{"href":"https:\/\/depocarsandcoffee.cz\/en\/wp-json\/wp\/v2\/types\/page"}],"author":[{"embeddable":true,"href":"https:\/\/depocarsandcoffee.cz\/en\/wp-json\/wp\/v2\/users\/1"}],"replies":[{"embeddable":true,"href":"https:\/\/depocarsandcoffee.cz\/en\/wp-json\/wp\/v2\/comments?post=244859"}],"version-history":[{"count":10,"href":"https:\/\/depocarsandcoffee.cz\/en\/wp-json\/wp\/v2\/pages\/244859\/revisions"}],"predecessor-version":[{"id":244923,"href":"https:\/\/depocarsandcoffee.cz\/en\/wp-json\/wp\/v2\/pages\/244859\/revisions\/244923"}],"up":[{"embeddable":true,"href":"https:\/\/depocarsandcoffee.cz\/en\/wp-json\/wp\/v2\/pages\/241943"}],"wp:attachment":[{"href":"https:\/\/depocarsandcoffee.cz\/en\/wp-json\/wp\/v2\/media?parent=244859"}],"curies":[{"name":"wp","href":"https:\/\/api.w.org\/{rel}","templated":true}]}}